{"id":2604,"date":"2020-08-19T13:34:20","date_gmt":"2020-08-19T11:34:20","guid":{"rendered":"https:\/\/www.hoteleuropariva.it\/camere-suite\/"},"modified":"2026-02-17T16:47:18","modified_gmt":"2026-02-17T15:47:18","slug":"unsere-zimmer","status":"publish","type":"page","link":"https:\/\/www.hoteleuropariva.it\/de\/unsere-zimmer\/","title":{"rendered":"Zimmer"},"content":{"rendered":"<div  class=\"grids-section grids-is-advanced alignwide\" style=\"--_gs-gap-desktop:0px 0px;--_gs-m-desktop:0 0 0 0;--_gs-p-desktop:0 0 0 0;--_gs-bg-desktop:transparent none;--_gs-bg-xp-desktop:0px;--_gs-zi-desktop:auto;--_gs-d-desktop:block;--_gs-mw-desktop:calc(100% - 0 - 0);--_gs-gap-tablet:0px 0px;--_gs-m-tablet:0 0 0 0;--_gs-p-tablet:0 0 0 0;--_gs-bg-tablet:transparent none;--_gs-bg-xp-tablet:0px;--_gs-zi-tablet:auto;--_gs-d-tablet:block;--_gs-mw-tablet:calc(100% - 0 - 0);--_gs-gap-mobile:0px 0px;--_gs-m-mobile:0 0 0 0;--_gs-p-mobile:0 0 0 0;--_gs-bg-mobile:transparent none;--_gs-bg-xp-mobile:0px;--_gs-zi-mobile:auto;--_gs-d-mobile:block;--_gs-mw-mobile:calc(100% - 0 - 0);--_gs-columns:12;--_gs-rows:6\"><div class=\"grids-s-w_i\">\n<div class=\"grids-area\" style=\"--_ga-column:1\/8;--_ga-row:1\/7;--_ga-m-desktop:0 0 0 0;--_ga-p-desktop:0 0 0 0;--_ga-bg-desktop:transparent none;--_ga-zi-desktop:auto;--_ga-d-desktop:flex;--_ga-mw-desktop:calc(100% - 0 - 0);--_ga-m-tablet:0 0 0 0;--_ga-p-tablet:0 0 0 0;--_ga-bg-tablet:transparent none;--_ga-zi-tablet:auto;--_ga-d-tablet:flex;--_ga-mw-tablet:calc(100% - 0 - 0);--_ga-m-mobile:0 0 0 0;--_ga-p-mobile:0 0 0 0;--_ga-bg-mobile:transparent none;--_ga-zi-mobile:auto;--_ga-d-mobile:flex;--_ga-mw-mobile:calc(100% - 0 - 0)\">\n\n<p class=\"small uppercase\"><em>LASSEN SIE SICH VON UNSEREN SCH\u00d6NEN ZIMMERN EROBERN<\/em><\/p>\n\n\n\n<h2 class=\"wp-block-heading\">Zimmer<\/h2>\n\n\n\n<div style=\"height:30px\" aria-hidden=\"true\" class=\"wp-block-spacer\"><\/div>\n\n\n\n<p>Entdecken Sie den Komfort und die Qualit\u00e4t unserer Zimmer, die Ihnen einen angenehmen und erholsamen Aufenthalt bieten sollen.<\/p>\n\n\n\n<p>Alle <strong>61 Zimmer<\/strong> des ****Hotels Europa &#8211; SkyPool&amp;Panorama in Riva del Garda <strong>wurden komplett renoviert<\/strong>.<\/p>\n\n\n\n<p>Sie Zimmer sind geschmackvoll eingerichtet und mit allen notwendigen Annehmlichkeiten f\u00fcr einen unvergesslichen Aufenthalt ausgestattet.<\/p>\n\n\n\n<div style=\"height:20px\" aria-hidden=\"true\" class=\"wp-block-spacer\"><\/div>\n\n\n\n<p class=\"has-text-color\" style=\"color:#457B9D\"><strong>Ab heute bieten wir Ihnen ausschlie\u00dflich \u00fcber unsere Website einen zus\u00e4tzlichen Service f\u00fcr mehr Sicherheit im Urlaub an: Den <a href=\"https:\/\/www.hoteleuropariva.it\/de\/?post_type=offers&amp;p=6071\">BeSafe Tarif <\/a><\/strong><strong>inklusive Versicherungsschutz f\u00fcr unvorhergesehene Ereignisse f\u00fcr Sie und Ihre Mitreisenden, f\u00fcr einen unbesorgten, sicheren Aufenthalt.\n<b>W\u00e4hlen Sie bei der Preiswahl den BeSafe-Tarif auf unserer Website aus.<\/b>\n<\/strong><\/p>\n\n\n\n<p><em>Tarif mit Vorausbezahlung und inklusive Versicherung. Bitte lesen Sie vor der Buchung das Factsheet der Versicherung, in dem die verschiedenen Leistungen enthalten sind.<\/em><\/p>\n\n\n\n<div style=\"height:30px\" aria-hidden=\"true\" class=\"wp-block-spacer\"><\/div>\n\n<\/div>\n\n<div class=\"grids-area box-boxed\" style=\"--_ga-column:9\/13;--_ga-row:1\/7;--_ga-m-desktop:0 0 0 0;--_ga-p-desktop:0 0 0 0;--_ga-bg-desktop:transparent none;--_ga-zi-desktop:auto;--_ga-d-desktop:flex;--_ga-mw-desktop:calc(100% - 0 - 0);--_ga-m-tablet:0 0 0 0;--_ga-p-tablet:0 0 0 0;--_ga-bg-tablet:transparent none;--_ga-zi-tablet:auto;--_ga-d-tablet:flex;--_ga-mw-tablet:calc(100% - 0 - 0);--_ga-m-mobile:0 0 0 0;--_ga-p-mobile:0 0 0 0;--_ga-bg-mobile:transparent none;--_ga-zi-mobile:auto;--_ga-d-mobile:flex;--_ga-mw-mobile:calc(100% - 0 - 0)\">\n\n<h4 class=\"wp-block-heading\">Sehen Sie sich die verf\u00fcgbaren Service-Leistungen an<\/h4>\n\n\n\n<div style=\"height:30px\" aria-hidden=\"true\" class=\"wp-block-spacer\"><\/div>\n\n\n\n<ul class=\"wp-block-list promo-servizi\">\n<li><span class=\"material-symbols-outlined\">ac_unit<\/span>Klimaanlage<br>(Juni &#8211; September)<\/li>\n\n\n\n<li><span class=\"material-symbols-outlined\">tv<\/span>LCD TV mit SAT-Receiver<\/li>\n\n\n\n<li><span class=\"material-symbols-outlined\">lock<\/span>Safe<\/li>\n\n\n\n<li><span class=\"material-symbols-outlined\">kitchen<\/span>Kleiner K\u00fchlschrank<\/li>\n\n\n\n<li><span class=\"material-symbols-outlined\">wifi<\/span>Kostenloses WLAN<\/li>\n\n\n\n<li><span class=\"material-symbols-outlined\">local_phone<\/span>Telefon<\/li>\n\n\n\n<li><span class=\"material-symbols-outlined\">stars<\/span>Haartrockner<\/li>\n\n\n\n<li><span class=\"material-symbols-outlined\">local_parking<\/span>Privatparkplatz<\/li>\n<\/ul>\n\n<\/div>\n<\/div><\/div>\n\n<div  class=\"grids-section grids-is-advanced alignwide\" style=\"--_gs-gap-desktop:0px 0px;--_gs-m-desktop:0 0 0 0;--_gs-p-desktop:0 0 0 0;--_gs-bg-desktop:transparent none;--_gs-bg-xp-desktop:0px;--_gs-zi-desktop:auto;--_gs-d-desktop:block;--_gs-mw-desktop:calc(100% - 0 - 0);--_gs-gap-tablet:0px 0px;--_gs-m-tablet:0 0 0 0;--_gs-p-tablet:0 0 0 0;--_gs-bg-tablet:transparent none;--_gs-bg-xp-tablet:0px;--_gs-zi-tablet:auto;--_gs-d-tablet:block;--_gs-mw-tablet:calc(100% - 0 - 0);--_gs-gap-mobile:0px 0px;--_gs-m-mobile:0 0 0 0;--_gs-p-mobile:0 0 0 0;--_gs-bg-mobile:transparent none;--_gs-bg-xp-mobile:0px;--_gs-zi-mobile:auto;--_gs-d-mobile:block;--_gs-mw-mobile:calc(100% - 0 - 0);--_gs-columns:12;--_gs-rows:6\"><div class=\"grids-s-w_i\">\n<div class=\"grids-area\" style=\"--_ga-column:1\/13;--_ga-row:1\/2;--_ga-m-desktop:0 0 0 0;--_ga-p-desktop:0 0 0 0;--_ga-bg-desktop:transparent none;--_ga-zi-desktop:auto;--_ga-d-desktop:flex;--_ga-mw-desktop:calc(100% - 0 - 0);--_ga-m-tablet:0 0 0 0;--_ga-p-tablet:0 0 0 0;--_ga-bg-tablet:transparent none;--_ga-zi-tablet:auto;--_ga-d-tablet:flex;--_ga-mw-tablet:calc(100% - 0 - 0);--_ga-m-mobile:0 0 0 0;--_ga-p-mobile:0 0 0 0;--_ga-bg-mobile:transparent none;--_ga-zi-mobile:auto;--_ga-d-mobile:flex;--_ga-mw-mobile:calc(100% - 0 - 0)\">\n\n<div style=\"height:10px\" aria-hidden=\"true\" class=\"wp-block-spacer\"><\/div>\n\n\n\n<div class=\"rooms-list-container\">\n\t\t\t\t\t<div class=\"rooms-list-container-single \" onclick=\"location.href='https:\/\/www.hoteleuropariva.it\/de\/zimmer\/deluxe-seeblick\/'\">\n\t\t\t\t\t\t\t\t\t<div class=\"rooms-list-container-single-message\">\n\t\t\t\t\t\tTOP CHOICE\t\t\t\t\t<\/div>\n\t\t\t\t\t\t\t\t\n\t\t\t\t<div class=\"rooms-list-container-single-img\">\n\t\t\t\t\t<figure class=\"full-width\">\n\t\t\t\t\t\t<img decoding=\"async\" src=\"https:\/\/www.hoteleuropariva.it\/wp-content\/uploads\/2020\/08\/lux-1.jpg\" \/>\n\t\t\t\t\t<\/figure>\n\n\t\t\t\t\t\t\t\t\t\t\t<div class=\"rooms-list-container-single-price\">\n\t\t\t\t\t\t\tStarting from\t\t\t\t\t\t\t<span class=\"price\" data-roomid=\"57571\" data-roomoccupancy=\"3\" data-roomprice=\"195 \u20ac\">\n\t\t\t\t\t\t\t<i class=\"fas fa-spinner fa-pulse\"><\/i>\n\t\t\t\t\t\t\t<\/span>\n\t\t\t\t\t\t<\/div>\n\t\t\t\t\t\t\t\t\t<\/div>\n\t\t\t\t\n\t\t\t\t<h3>Deluxe Seeblick<\/h3>\n\t\t\t\t\n\t\t\t\t<div class=\"rooms-list-container-single-sizes\">\n\t\t\t\t\t\t\n\t\t\t\t\t\t<span>\n\t\t\t\t\t\t\t19 \/ 22 m<sup>2<\/sup>\t\t\t\t\t\t<\/span>\n\t\t\t\t\t\t\t\t\t\t\t\n\t\t\t\t\t\t<span>\n\t\t\t\t\t\t\t1 - 3 G\u00e4ste\t\t\t\t\t\t<\/span>\n\t\t\t\t\t\t\t\t\t<\/div>\n\t\t\t\t\n\t\t\t\t<div class=\"rooms-list-container-single-short-description\">\n\t\t\t\t\t<p>Das Zimmer der Kategorie Deluxe bietet im Hotel Europa in Riva del Garda <b>ein luxuri\u00f6ses Erlebnis mit einem spektakul\u00e4ren Blick auf den Gardasee<\/b>.<\/p>\n\t\t\t\t<\/div>\n\t\t\t\t<div class=\"rooms-list-container-single-special-link\">\n\t\t\t\t\t<p>\n\t\t\t\t\t\t<a href=\"https:\/\/www.hoteleuropariva.it\/de\/angebote\/besafe-rate-der-tarif-mit-reiseversicherung\/\">BeSafe Rate zur Zahlung verf\u00fcgbar<\/a\t\t\t\t\t<\/p>\n\t\t\t\t<\/div>\n\t\t\t\t\n\t\t\t\t\t\t\t\t\t<div class=\"rooms-list-container-single-features\">\n\t\t\t\t\t\t\t\t\t\t\t\t\t\t\t\t\t\t\t\t\t<span>\n\t\t\t\t\t\t\t\t\t<span class=\"material-symbols-outlined\"><i class=\"fa-regular fa-water\" style=\"color: #444444;\"><\/i><\/span>\n\t\t\t\t\t\t\t\t\tBlick auf den See\t\t\t\t\t\t\t\t<\/span>\n\t\t\t\t\t\t\t\t\t\t\t\t\t\t\t<span>\n\t\t\t\t\t\t\t\t\t<span class=\"material-symbols-outlined\"><i class=\"fa-regular fa-wine-bottle\" style=\"color: #444444;\"><\/i><\/span>\n\t\t\t\t\t\t\t\t\tEine Flasche Sekt\t\t\t\t\t\t\t\t<\/span>\n\t\t\t\t\t\t\t\t\t\t\t\t\t\t\t<span>\n\t\t\t\t\t\t\t\t\t<span class=\"material-symbols-outlined\"><i class=\"fa-solid fa-crate-apple\" style=\"color: #444444;\"><\/i><\/span>\n\t\t\t\t\t\t\t\t\tObstkorb\t\t\t\t\t\t\t\t<\/span>\n\t\t\t\t\t\t\t\t\t\t\t\t\t\t\t<span>\n\t\t\t\t\t\t\t\t\t<span class=\"material-symbols-outlined\"><i class=\"fa-solid fa-spa\" style=\"color: #444444;\"><\/i><\/span>\n\t\t\t\t\t\t\t\t\tBadetuch\t\t\t\t\t\t\t\t<\/span>\n\t\t\t\t\t\t\t\t\t\t\t\t\t\n\t\t\t\t\t\t\t\t\t\t\t\t\t\t\t\t\t\t\t\t\t<span>\n\t\t\t\t\t\t\t\t\t<span class=\"material-symbols-outlined\">tv<\/span>\n\t\t\t\t\t\t\t\t\tTV\t\t\t\t\t\t\t\t<\/span>\n\t\t\t\t\t\t\t\t\t\t\t\t\t\t\t<span>\n\t\t\t\t\t\t\t\t\t<span class=\"material-symbols-outlined\">ac_unit<\/span>\n\t\t\t\t\t\t\t\t\tKlimaanlage\t\t\t\t\t\t\t\t<\/span>\n\t\t\t\t\t\t\t\t\t\t\t\t\t\t\t\t\t\t<\/div>\t\n\t\t\t\t\n\t\t\t\t<a href=\"https:\/\/www.hoteleuropariva.it\/de\/zimmer\/deluxe-seeblick\/\" class=\"btn rooms-list-container-single-btn\">Entdecken Sie das Zimmer<\/a>\n\t\t\t<\/div>\n\t\t\t\t\t\t<div class=\"rooms-list-container-single \" onclick=\"location.href='https:\/\/www.hoteleuropariva.it\/de\/zimmer\/superior-seeblick\/'\">\n\t\t\t\t\t\t\t\t\t<div class=\"rooms-list-container-single-message\">\n\t\t\t\t\t\tDIE BELIEBTESTEN\t\t\t\t\t<\/div>\n\t\t\t\t\t\t\t\t\n\t\t\t\t<div class=\"rooms-list-container-single-img\">\n\t\t\t\t\t<figure class=\"full-width\">\n\t\t\t\t\t\t<img decoding=\"async\" src=\"https:\/\/www.hoteleuropariva.it\/wp-content\/uploads\/2020\/07\/sup-4-1.jpg\" \/>\n\t\t\t\t\t<\/figure>\n\n\t\t\t\t\t\t\t\t\t\t\t<div class=\"rooms-list-container-single-price\">\n\t\t\t\t\t\t\tStarting from\t\t\t\t\t\t\t<span class=\"price\" data-roomid=\"57574\" data-roomoccupancy=\"2\" data-roomprice=\"175 \u20ac\">\n\t\t\t\t\t\t\t<i class=\"fas fa-spinner fa-pulse\"><\/i>\n\t\t\t\t\t\t\t<\/span>\n\t\t\t\t\t\t<\/div>\n\t\t\t\t\t\t\t\t\t<\/div>\n\t\t\t\t\n\t\t\t\t<h3>Superior mit Seeblick<\/h3>\n\t\t\t\t\n\t\t\t\t<div class=\"rooms-list-container-single-sizes\">\n\t\t\t\t\t\t\n\t\t\t\t\t\t<span>\n\t\t\t\t\t\t\t15 \/ 19 m<sup>2<\/sup>\t\t\t\t\t\t<\/span>\n\t\t\t\t\t\t\t\t\t\t\t\n\t\t\t\t\t\t<span>\n\t\t\t\t\t\t\t1 - 2 G\u00e4ste\t\t\t\t\t\t<\/span>\n\t\t\t\t\t\t\t\t\t<\/div>\n\t\t\t\t\n\t\t\t\t<div class=\"rooms-list-container-single-short-description\">\n\t\t\t\t\t<p>Das Zimmer der Kategorie Superior bietet im Hotel Europa in Riva del Garda einen <b>spektakul\u00e4ren Ausblick auf den Gardasee<\/b>.<\/p>\n\t\t\t\t<\/div>\n\t\t\t\t<div class=\"rooms-list-container-single-special-link\">\n\t\t\t\t\t<p>\n\t\t\t\t\t\t<a href=\"https:\/\/www.hoteleuropariva.it\/de\/angebote\/besafe-rate-der-tarif-mit-reiseversicherung\/\">BeSafe Rate zur Zahlung verf\u00fcgbar<\/a\t\t\t\t\t<\/p>\n\t\t\t\t<\/div>\n\t\t\t\t\n\t\t\t\t\t\t\t\t\t<div class=\"rooms-list-container-single-features\">\n\t\t\t\t\t\t\t\t\t\t\t\t\t\t\t\t\t\t\t\t\t<span>\n\t\t\t\t\t\t\t\t\t<span class=\"material-symbols-outlined\"><i class=\"fa-regular fa-water\" style=\"color: #444444;\"><\/i><\/span>\n\t\t\t\t\t\t\t\t\tSeeblick\t\t\t\t\t\t\t\t<\/span>\n\t\t\t\t\t\t\t\t\t\t\t\t\t\t\t<span>\n\t\t\t\t\t\t\t\t\t<span class=\"material-symbols-outlined\"><i class=\"fa-solid fa-spa\" style=\"color: #444444;\"><\/i><\/span>\n\t\t\t\t\t\t\t\t\tBadetuch\t\t\t\t\t\t\t\t<\/span>\n\t\t\t\t\t\t\t\t\t\t\t\t\t\n\t\t\t\t\t\t\t\t\t\t\t\t\t\t\t\t\t\t\t\t\t<span>\n\t\t\t\t\t\t\t\t\t<span class=\"material-symbols-outlined\">wifi<\/span>\n\t\t\t\t\t\t\t\t\tKostenloses WLAN\t\t\t\t\t\t\t\t<\/span>\n\t\t\t\t\t\t\t\t\t\t\t\t\t\t\t<span>\n\t\t\t\t\t\t\t\t\t<span class=\"material-symbols-outlined\">tv<\/span>\n\t\t\t\t\t\t\t\t\tTV\t\t\t\t\t\t\t\t<\/span>\n\t\t\t\t\t\t\t\t\t\t\t\t\t\t\t<span>\n\t\t\t\t\t\t\t\t\t<span class=\"material-symbols-outlined\">call<\/span>\n\t\t\t\t\t\t\t\t\tTelefon\t\t\t\t\t\t\t\t<\/span>\n\t\t\t\t\t\t\t\t\t\t\t\t\t\t\t<span>\n\t\t\t\t\t\t\t\t\t<span class=\"material-symbols-outlined\">ac_unit<\/span>\n\t\t\t\t\t\t\t\t\tKlimaanlage\t\t\t\t\t\t\t\t<\/span>\n\t\t\t\t\t\t\t\t\t\t\t\t\t\t\t\t\t\t<\/div>\t\n\t\t\t\t\n\t\t\t\t<a href=\"https:\/\/www.hoteleuropariva.it\/de\/zimmer\/superior-seeblick\/\" class=\"btn rooms-list-container-single-btn\">Entdecken Sie das Zimmer<\/a>\n\t\t\t<\/div>\n\t\t\t\t\t\t<div class=\"rooms-list-container-single \" onclick=\"location.href='https:\/\/www.hoteleuropariva.it\/de\/zimmer\/classic-large\/'\">\n\t\t\t\t\t\t\t\t\t<div class=\"rooms-list-container-single-message\">\n\t\t\t\t\t\tDAS GR\u00d6SSTE\t\t\t\t\t<\/div>\n\t\t\t\t\t\t\t\t\n\t\t\t\t<div class=\"rooms-list-container-single-img\">\n\t\t\t\t\t<figure class=\"full-width\">\n\t\t\t\t\t\t<img decoding=\"async\" src=\"https:\/\/www.hoteleuropariva.it\/wp-content\/uploads\/2023\/03\/Classic-large-1-scaled.jpg\" \/>\n\t\t\t\t\t<\/figure>\n\n\t\t\t\t\t\t\t\t\t\t\t<div class=\"rooms-list-container-single-price\">\n\t\t\t\t\t\t\tStarting from\t\t\t\t\t\t\t<span class=\"price\" data-roomid=\"57770\" data-roomoccupancy=\"2\" data-roomprice=\"155 \u20ac\">\n\t\t\t\t\t\t\t<i class=\"fas fa-spinner fa-pulse\"><\/i>\n\t\t\t\t\t\t\t<\/span>\n\t\t\t\t\t\t<\/div>\n\t\t\t\t\t\t\t\t\t<\/div>\n\t\t\t\t\n\t\t\t\t<h3>Classic Large<\/h3>\n\t\t\t\t\n\t\t\t\t<div class=\"rooms-list-container-single-sizes\">\n\t\t\t\t\t\t\n\t\t\t\t\t\t<span>\n\t\t\t\t\t\t\t23 \/ 28 m<sup>2<\/sup>\t\t\t\t\t\t<\/span>\n\t\t\t\t\t\t\t\t\t\t\t\n\t\t\t\t\t\t<span>\n\t\t\t\t\t\t\t1 - 4 G\u00e4ste\t\t\t\t\t\t<\/span>\n\t\t\t\t\t\t\t\t\t<\/div>\n\t\t\t\t\n\t\t\t\t<div class=\"rooms-list-container-single-short-description\">\n\t\t\t\t\t<p>Das Classic Large Zimmer im Hotel Europa in Riva del Garda ist <b>gro\u00df und hell<\/b>. Eine Schatztruhe der Ruhe und des Wohlbefindens, in der man alle Annehmlichkeiten genie\u00dfen kann.<\/p>\n\t\t\t\t<\/div>\n\t\t\t\t<div class=\"rooms-list-container-single-special-link\">\n\t\t\t\t\t<p>\n\t\t\t\t\t\t<a href=\"https:\/\/www.hoteleuropariva.it\/de\/angebote\/besafe-rate-der-tarif-mit-reiseversicherung\/\">BeSafe Rate zur Zahlung verf\u00fcgbar<\/a\t\t\t\t\t<\/p>\n\t\t\t\t<\/div>\n\t\t\t\t\n\t\t\t\t\t\t\t\t\t<div class=\"rooms-list-container-single-features\">\n\t\t\t\t\t\t\t\t\t\t\t\t\t\t\t\t\t\t\t\t\t<span>\n\t\t\t\t\t\t\t\t\t<span class=\"material-symbols-outlined\"><i class=\"fas fa-sink\" style=\"color: #444444;\"><\/i><\/span>\n\t\t\t\t\t\t\t\t\t2 separate Badezimmer\t\t\t\t\t\t\t\t<\/span>\n\t\t\t\t\t\t\t\t\t\t\t\t\t\t\t<span>\n\t\t\t\t\t\t\t\t\t<span class=\"material-symbols-outlined\"><i class=\"fa-solid fa-mountains\" style=\"color: #444444;\"><\/i><\/span>\n\t\t\t\t\t\t\t\t\tAusblick auf den Monte Oro oder die R\u00fcckseite des Hotels\t\t\t\t\t\t\t\t<\/span>\n\t\t\t\t\t\t\t\t\t\t\t\t\t\n\t\t\t\t\t\t\t\t\t\t\t\t\t\t\t\t\t\t\t\t\t<span>\n\t\t\t\t\t\t\t\t\t<span class=\"material-symbols-outlined\">wifi<\/span>\n\t\t\t\t\t\t\t\t\tKostenloses WLAN\t\t\t\t\t\t\t\t<\/span>\n\t\t\t\t\t\t\t\t\t\t\t\t\t\t\t<span>\n\t\t\t\t\t\t\t\t\t<span class=\"material-symbols-outlined\">tv<\/span>\n\t\t\t\t\t\t\t\t\tTV\t\t\t\t\t\t\t\t<\/span>\n\t\t\t\t\t\t\t\t\t\t\t\t\t\t\t<span>\n\t\t\t\t\t\t\t\t\t<span class=\"material-symbols-outlined\">call<\/span>\n\t\t\t\t\t\t\t\t\tTelefon\t\t\t\t\t\t\t\t<\/span>\n\t\t\t\t\t\t\t\t\t\t\t\t\t\t\t<span>\n\t\t\t\t\t\t\t\t\t<span class=\"material-symbols-outlined\">ac_unit<\/span>\n\t\t\t\t\t\t\t\t\tKlimaanlage\t\t\t\t\t\t\t\t<\/span>\n\t\t\t\t\t\t\t\t\t\t\t\t\t\t\t\t\t\t<\/div>\t\n\t\t\t\t\n\t\t\t\t<a href=\"https:\/\/www.hoteleuropariva.it\/de\/zimmer\/classic-large\/\" class=\"btn rooms-list-container-single-btn\">Entdecken Sie das Zimmer<\/a>\n\t\t\t<\/div>\n\t\t\t\t\t\t<div class=\"rooms-list-container-single \" onclick=\"location.href='https:\/\/www.hoteleuropariva.it\/de\/zimmer\/standard\/'\">\n\t\t\t\t\t\t\t\t\t<div class=\"rooms-list-container-single-message\">\n\t\t\t\t\t\tBestpreis\t\t\t\t\t<\/div>\n\t\t\t\t\t\t\t\t\n\t\t\t\t<div class=\"rooms-list-container-single-img\">\n\t\t\t\t\t<figure class=\"full-width\">\n\t\t\t\t\t\t<img decoding=\"async\" src=\"https:\/\/www.hoteleuropariva.it\/wp-content\/uploads\/2020\/07\/standard-1.jpg\" \/>\n\t\t\t\t\t<\/figure>\n\n\t\t\t\t\t\t\t\t\t\t\t<div class=\"rooms-list-container-single-price\">\n\t\t\t\t\t\t\tStarting from\t\t\t\t\t\t\t<span class=\"price\" data-roomid=\"57579\" data-roomoccupancy=\"2\" data-roomprice=\"135 \u20ac\">\n\t\t\t\t\t\t\t<i class=\"fas fa-spinner fa-pulse\"><\/i>\n\t\t\t\t\t\t\t<\/span>\n\t\t\t\t\t\t<\/div>\n\t\t\t\t\t\t\t\t\t<\/div>\n\t\t\t\t\n\t\t\t\t<h3>Standard<\/h3>\n\t\t\t\t\n\t\t\t\t<div class=\"rooms-list-container-single-sizes\">\n\t\t\t\t\t\t\n\t\t\t\t\t\t<span>\n\t\t\t\t\t\t\t14 \/ 18 m<sup>2<\/sup>\t\t\t\t\t\t<\/span>\n\t\t\t\t\t\t\t\t\t\t\t\n\t\t\t\t\t\t<span>\n\t\t\t\t\t\t\t1 - 3 G\u00e4ste\t\t\t\t\t\t<\/span>\n\t\t\t\t\t\t\t\t\t<\/div>\n\t\t\t\t\n\t\t\t\t<div class=\"rooms-list-container-single-short-description\">\n\t\t\t\t\t<p>Das Standardzimmer im Hotel Europa in Riva del Garda bietet seinen G\u00e4sten eine <\/p>\n\t\t\t\t<\/div>\n\t\t\t\t<div class=\"rooms-list-container-single-special-link\">\n\t\t\t\t\t<p>\n\t\t\t\t\t\t<a href=\"https:\/\/www.hoteleuropariva.it\/de\/angebote\/besafe-rate-der-tarif-mit-reiseversicherung\/\">BeSafe Rate zur Zahlung verf\u00fcgbar<\/a\t\t\t\t\t<\/p>\n\t\t\t\t<\/div>\n\t\t\t\t\n\t\t\t\t\t\t\t\t\t<div class=\"rooms-list-container-single-features\">\n\t\t\t\t\t\t\t\t\t\t\t\t\t\t\t\t\t\t\t\t\t<span>\n\t\t\t\t\t\t\t\t\t<span class=\"material-symbols-outlined\"><i class=\"fa-light fa-building\" style=\"color: #444444;\"><\/i><\/span>\n\t\t\t\t\t\t\t\t\tBlick in den Innenhof\t\t\t\t\t\t\t\t<\/span>\n\t\t\t\t\t\t\t\t\t\t\t\t\t\n\t\t\t\t\t\t\t\t\t\t\t\t\t\t\t\t\t\t\t\t\t<span>\n\t\t\t\t\t\t\t\t\t<span class=\"material-symbols-outlined\">wifi<\/span>\n\t\t\t\t\t\t\t\t\tKostenloses WLAN\t\t\t\t\t\t\t\t<\/span>\n\t\t\t\t\t\t\t\t\t\t\t\t\t\t\t<span>\n\t\t\t\t\t\t\t\t\t<span class=\"material-symbols-outlined\">tv<\/span>\n\t\t\t\t\t\t\t\t\tTV\t\t\t\t\t\t\t\t<\/span>\n\t\t\t\t\t\t\t\t\t\t\t\t\t\t\t<span>\n\t\t\t\t\t\t\t\t\t<span class=\"material-symbols-outlined\">call<\/span>\n\t\t\t\t\t\t\t\t\tTelefon\t\t\t\t\t\t\t\t<\/span>\n\t\t\t\t\t\t\t\t\t\t\t\t\t\t\t<span>\n\t\t\t\t\t\t\t\t\t<span class=\"material-symbols-outlined\">ac_unit<\/span>\n\t\t\t\t\t\t\t\t\tKlimaanlage\t\t\t\t\t\t\t\t<\/span>\n\t\t\t\t\t\t\t\t\t\t\t\t\t\t\t\t\t\t<\/div>\t\n\t\t\t\t\n\t\t\t\t<a href=\"https:\/\/www.hoteleuropariva.it\/de\/zimmer\/standard\/\" class=\"btn rooms-list-container-single-btn\">Entdecken Sie das Zimmer<\/a>\n\t\t\t<\/div>\n\t\t\t\t\t\t<div class=\"rooms-list-container-single \" onclick=\"location.href='https:\/\/www.hoteleuropariva.it\/de\/zimmer\/classic-2\/'\">\n\t\t\t\t\t\t\t\t\t<div class=\"rooms-list-container-single-message\">\n\t\t\t\t\t\tDIE RUHIGSTE\t\t\t\t\t<\/div>\n\t\t\t\t\t\t\t\t\n\t\t\t\t<div class=\"rooms-list-container-single-img\">\n\t\t\t\t\t<figure class=\"full-width\">\n\t\t\t\t\t\t<img decoding=\"async\" src=\"https:\/\/www.hoteleuropariva.it\/wp-content\/uploads\/2023\/03\/classic-1.jpg\" \/>\n\t\t\t\t\t<\/figure>\n\n\t\t\t\t\t\t\t\t\t\t\t<div class=\"rooms-list-container-single-price\">\n\t\t\t\t\t\t\tStarting from\t\t\t\t\t\t\t<span class=\"price\" data-roomid=\"57581\" data-roomoccupancy=\"3\" data-roomprice=\"145 \u20ac\">\n\t\t\t\t\t\t\t<i class=\"fas fa-spinner fa-pulse\"><\/i>\n\t\t\t\t\t\t\t<\/span>\n\t\t\t\t\t\t<\/div>\n\t\t\t\t\t\t\t\t\t<\/div>\n\t\t\t\t\n\t\t\t\t<h3>Classic<\/h3>\n\t\t\t\t\n\t\t\t\t<div class=\"rooms-list-container-single-sizes\">\n\t\t\t\t\t\t\n\t\t\t\t\t\t<span>\n\t\t\t\t\t\t\t15 \/ 22 m<sup>2<\/sup>\t\t\t\t\t\t<\/span>\n\t\t\t\t\t\t\t\t\t\t\t\n\t\t\t\t\t\t<span>\n\t\t\t\t\t\t\t1 - 3 G\u00e4ste\t\t\t\t\t\t<\/span>\n\t\t\t\t\t\t\t\t\t<\/div>\n\t\t\t\t\n\t\t\t\t<div class=\"rooms-list-container-single-short-description\">\n\t\t\t\t\t<p>Das Zimmer der Kategorie Classic bietet im Europa Hotel in Riva del Garda die ideale L\u00f6sung f\u00fcr alle, die ein <b>gem\u00fctliches Ambiente<\/b> mit zweckdienlicher Einrichtung in <b>angenehmen, einladenden Farbt\u00f6nen<\/b> suchen.<\/p>\n\t\t\t\t<\/div>\n\t\t\t\t<div class=\"rooms-list-container-single-special-link\">\n\t\t\t\t\t<p>\n\t\t\t\t\t\t<a href=\"https:\/\/www.hoteleuropariva.it\/de\/angebote\/besafe-rate-der-tarif-mit-reiseversicherung\/\">BeSafe Rate zur Zahlung verf\u00fcgbar<\/a\t\t\t\t\t<\/p>\n\t\t\t\t<\/div>\n\t\t\t\t\n\t\t\t\t\t\t\t\t\t<div class=\"rooms-list-container-single-features\">\n\t\t\t\t\t\t\t\t\t\t\t\t\t\t\t\t\t\t\t\t\t<span>\n\t\t\t\t\t\t\t\t\t<span class=\"material-symbols-outlined\"><i class=\"fa-solid fa-mountains\" style=\"color: #444444;\"><\/i><\/span>\n\t\t\t\t\t\t\t\t\tAusblick auf den Monte Oro oder die R\u00fcckseite des Hotels\t\t\t\t\t\t\t\t<\/span>\n\t\t\t\t\t\t\t\t\t\t\t\t\t\n\t\t\t\t\t\t\t\t\t\t\t\t\t\t\t\t\t\t\t\t\t<span>\n\t\t\t\t\t\t\t\t\t<span class=\"material-symbols-outlined\">wifi<\/span>\n\t\t\t\t\t\t\t\t\tKostenloses WLAN\t\t\t\t\t\t\t\t<\/span>\n\t\t\t\t\t\t\t\t\t\t\t\t\t\t\t<span>\n\t\t\t\t\t\t\t\t\t<span class=\"material-symbols-outlined\">tv<\/span>\n\t\t\t\t\t\t\t\t\tTV\t\t\t\t\t\t\t\t<\/span>\n\t\t\t\t\t\t\t\t\t\t\t\t\t\t\t<span>\n\t\t\t\t\t\t\t\t\t<span class=\"material-symbols-outlined\">call<\/span>\n\t\t\t\t\t\t\t\t\tTelefon\t\t\t\t\t\t\t\t<\/span>\n\t\t\t\t\t\t\t\t\t\t\t\t\t\t\t<span>\n\t\t\t\t\t\t\t\t\t<span class=\"material-symbols-outlined\">ac_unit<\/span>\n\t\t\t\t\t\t\t\t\tKlimaanlage\t\t\t\t\t\t\t\t<\/span>\n\t\t\t\t\t\t\t\t\t\t\t\t\t\t\t\t\t\t<\/div>\t\n\t\t\t\t\n\t\t\t\t<a href=\"https:\/\/www.hoteleuropariva.it\/de\/zimmer\/classic-2\/\" class=\"btn rooms-list-container-single-btn\">Entdecken Sie das Zimmer<\/a>\n\t\t\t<\/div>\n\t\t\t\t\t\t<div class=\"rooms-list-container-single \" onclick=\"location.href='https:\/\/www.hoteleuropariva.it\/de\/zimmer\/einzelzimmer\/'\">\n\t\t\t\t\t\t\t\t\t<div class=\"rooms-list-container-single-message\">\n\t\t\t\t\t\tDAS G\u00dcNSTIGSTE\t\t\t\t\t<\/div>\n\t\t\t\t\t\t\t\t\n\t\t\t\t<div class=\"rooms-list-container-single-img\">\n\t\t\t\t\t<figure class=\"full-width\">\n\t\t\t\t\t\t<img decoding=\"async\" src=\"https:\/\/www.hoteleuropariva.it\/wp-content\/uploads\/2023\/03\/singola-800.jpg\" \/>\n\t\t\t\t\t<\/figure>\n\n\t\t\t\t\t\t\t\t\t\t\t<div class=\"rooms-list-container-single-price\">\n\t\t\t\t\t\t\tStarting from\t\t\t\t\t\t\t<span class=\"price\" data-roomid=\"57570\" data-roomoccupancy=\"1\" data-roomprice=\"100 \u20ac\">\n\t\t\t\t\t\t\t<i class=\"fas fa-spinner fa-pulse\"><\/i>\n\t\t\t\t\t\t\t<\/span>\n\t\t\t\t\t\t<\/div>\n\t\t\t\t\t\t\t\t\t<\/div>\n\t\t\t\t\n\t\t\t\t<h3>Einzelzimmer<\/h3>\n\t\t\t\t\n\t\t\t\t<div class=\"rooms-list-container-single-sizes\">\n\t\t\t\t\t\t\n\t\t\t\t\t\t<span>\n\t\t\t\t\t\t\t10 m<sup>2<\/sup>\t\t\t\t\t\t<\/span>\n\t\t\t\t\t\t\t\t\t\t\t\n\t\t\t\t\t\t<span>\n\t\t\t\t\t\t\t1 Gast\t\t\t\t\t\t<\/span>\n\t\t\t\t\t\t\t\t\t<\/div>\n\t\t\t\t\n\t\t\t\t<div class=\"rooms-list-container-single-short-description\">\n\t\t\t\t\t<p>Das Einzelzimmer des Hotels Europa in Riva del Garda bietet den G\u00e4sten eine gem\u00fctliche und komfortable<\/b> Umgebung. Das Zimmer ist geschmackvoll und mit viel Liebe zum Detail eingerichtet, damit Sie sich <b>wie zu Hause f\u00fchlen<\/b>.<\/p>\n\t\t\t\t<\/div>\n\t\t\t\t<div class=\"rooms-list-container-single-special-link\">\n\t\t\t\t\t<p>\n\t\t\t\t\t\t<a href=\"https:\/\/www.hoteleuropariva.it\/de\/angebote\/besafe-rate-der-tarif-mit-reiseversicherung\/\">BeSafe Rate zur Zahlung verf\u00fcgbar<\/a\t\t\t\t\t<\/p>\n\t\t\t\t<\/div>\n\t\t\t\t\n\t\t\t\t\t\t\t\t\t<div class=\"rooms-list-container-single-features\">\n\t\t\t\t\t\t\n\t\t\t\t\t\t\t\t\t\t\t\t\t\t\t\t\t\t\t\t\t<span>\n\t\t\t\t\t\t\t\t\t<span class=\"material-symbols-outlined\">single_bed<\/span>\n\t\t\t\t\t\t\t\t\tEinzelbett\t\t\t\t\t\t\t\t<\/span>\n\t\t\t\t\t\t\t\t\t\t\t\t\t\t\t<span>\n\t\t\t\t\t\t\t\t\t<span class=\"material-symbols-outlined\">wifi<\/span>\n\t\t\t\t\t\t\t\t\tKostenloses WLAN\t\t\t\t\t\t\t\t<\/span>\n\t\t\t\t\t\t\t\t\t\t\t\t\t\t\t<span>\n\t\t\t\t\t\t\t\t\t<span class=\"material-symbols-outlined\">tv<\/span>\n\t\t\t\t\t\t\t\t\tTV\t\t\t\t\t\t\t\t<\/span>\n\t\t\t\t\t\t\t\t\t\t\t\t\t\t\t<span>\n\t\t\t\t\t\t\t\t\t<span class=\"material-symbols-outlined\">call<\/span>\n\t\t\t\t\t\t\t\t\tTelefon\t\t\t\t\t\t\t\t<\/span>\n\t\t\t\t\t\t\t\t\t\t\t\t\t\t\t<span>\n\t\t\t\t\t\t\t\t\t<span class=\"material-symbols-outlined\">ac_unit<\/span>\n\t\t\t\t\t\t\t\t\tKlimaanlage\t\t\t\t\t\t\t\t<\/span>\n\t\t\t\t\t\t\t\t\t\t\t\t\t\t\t\t\t\t<\/div>\t\n\t\t\t\t\n\t\t\t\t<a href=\"https:\/\/www.hoteleuropariva.it\/de\/zimmer\/einzelzimmer\/\" class=\"btn rooms-list-container-single-btn\">Entdecken Sie das Zimmer<\/a>\n\t\t\t<\/div>\n\t\t\t\t<\/div>\n\n\n\n\n\n<!-- inizio tabella comparativa -->\n\t<table class=\"table camere\">\n\t\t<thead>\n\t\t\t<tr class=\"tab-comp_intestazione\">\n\t\t\t\t<th width=\"14%\">Zimmerausstattung<\/th>\n\t\t\t\t<th width=\"14%\"><a style=\"color: #ffffff; cursor: pointer;\" href=\"https:\/\/www.hoteleuropariva.it\/de\/zimmer\/einzelzimmer\/\">Einzelzimmer<\/a><\/th>\n\t\t\t\t<th width=\"14%\"><a style=\"color: #ffffff; cursor: pointer;\" href=\"https:\/\/www.hoteleuropariva.it\/de\/zimmer\/standard\/\">Standard<\/a><\/th>\n\t\t\t\t<th width=\"14%\"><a style=\"color: #ffffff; cursor: pointer;\" href=\"https:\/\/www.hoteleuropariva.it\/de\/zimmer\/classic-2\/\">Classic<\/a><\/th>\n\t\t\t\t<th width=\"14%\"><a style=\"color: #ffffff; cursor: pointer;\" href=\"https:\/\/www.hoteleuropariva.it\/de\/zimmer\/classic-large\/\">Classic Large<\/a><\/th>\n\t\t\t\t<th width=\"14%\"><a style=\"color: #ffffff; cursor: pointer;\" href=\"https:\/\/www.hoteleuropariva.it\/de\/zimmer\/superior-seeblick\/\">Superior mit Seeblick<\/a><\/th>\n\t\t\t\t<th width=\"14%\"><a style=\"color: #ffffff; cursor: pointer;\" href=\"https:\/\/www.hoteleuropariva.it\/de\/zimmer\/deluxe-seeblick\/\">Deluxe mit Seeblick<\/a><\/th>\n\t\t\t<\/tr>\n\t\t<\/thead>\n\t\t<tbody>\n\t\t\t<tr>\n\t\t\t\t<td>Personen<\/td>\n\t\t\t\t<td>1<\/td>\n\t\t\t\t<td>1 &#8211; 3<\/td>\n\t\t\t\t<td>1 &#8211; 3<\/td>\n\t\t\t\t<td>2 &#8211; 4<\/td>\n\t\t\t\t<td>1 &#8211; 2<\/td>\n\t\t\t\t<td>1 &#8211; 3<\/td>\n\t\t\t<\/tr>\n\t\t\t<tr class=\"active\">\n\t\t\t\t<td>Zimmergr\u00f6\u00dfe<\/td>\n\t\t\t\t<td>10 mq<\/td>\n\t\t\t\t<td>14 &#8211; 18 mq<\/td>\n\t\t\t\t<td>15 &#8211; 22 mq<\/td>\n\t\t\t\t<td>23 &#8211; 28 mq<\/td>\n\t\t\t\t<td>15 &#8211; 19 mq<\/td>\n\t\t\t\t<td>19 &#8211; 22 mq<\/td>\n\t\t\t<\/tr>\n\t\t\t<tr>\n\t\t\t\t<td>Klimaanlage<\/td>\n\t\t\t\t<td><img decoding=\"async\" alt=\"\" src=\"\/wp-content\/uploads\/2020\/08\/check_yes.png\"\/><\/td>\n\t\t\t\t<td><img decoding=\"async\" alt=\"\" src=\"\/wp-content\/uploads\/2020\/08\/check_yes.png\"\/><\/td>\n\t\t\t\t<td><img decoding=\"async\" alt=\"\" src=\"\/wp-content\/uploads\/2020\/08\/check_yes.png\"\/><\/td>\n\t\t\t\t<td><img decoding=\"async\" alt=\"\" src=\"\/wp-content\/uploads\/2020\/08\/check_yes.png\"\/><\/td>\n\t\t\t\t<td><img decoding=\"async\" alt=\"\" src=\"\/wp-content\/uploads\/2020\/08\/check_yes.png\"\/><\/td>\n\t\t\t\t<td><img decoding=\"async\" alt=\"\" src=\"\/wp-content\/uploads\/2020\/08\/check_yes.png\"\/><\/td>\n\t\t\t<\/tr>\n\t\t\t<tr class=\"active\">\n\t\t\t\t<td>Allergiker Bettw\u00e4sche<\/td>\n\t\t\t\t<td><img decoding=\"async\" alt=\"\" src=\"\/wp-content\/uploads\/2020\/08\/check_yes.png\"\/><\/td>\n\t\t\t\t<td><img decoding=\"async\" alt=\"\" src=\"\/wp-content\/uploads\/2020\/08\/check_yes.png\"\/><\/td>\n\t\t\t\t<td><img decoding=\"async\" alt=\"\" src=\"\/wp-content\/uploads\/2020\/08\/check_yes.png\"\/><\/td>\n\t\t\t\t<td><img decoding=\"async\" alt=\"\" src=\"\/wp-content\/uploads\/2020\/08\/check_yes.png\"\/><\/td>\n\t\t\t\t<td><img decoding=\"async\" alt=\"\" src=\"\/wp-content\/uploads\/2020\/08\/check_yes.png\"\/><\/td>\n\t\t\t\t<td><img decoding=\"async\" alt=\"\" src=\"\/wp-content\/uploads\/2020\/08\/check_yes.png\"\/><\/td>\n\t\t\t<\/tr>\n\t\t\t<tr>\n\t\t\t\t<td>LCD TV mit SAT<\/td>\n\t\t\t\t<td><img decoding=\"async\" alt=\"\" src=\"\/wp-content\/uploads\/2020\/08\/check_yes.png\"\/><\/td>\n\t\t\t\t<td><img decoding=\"async\" alt=\"\" src=\"\/wp-content\/uploads\/2020\/08\/check_yes.png\"\/><\/td>\n\t\t\t\t<td><img decoding=\"async\" alt=\"\" src=\"\/wp-content\/uploads\/2020\/08\/check_yes.png\"\/><\/td>\n\t\t\t\t<td><img decoding=\"async\" alt=\"\" src=\"\/wp-content\/uploads\/2020\/08\/check_yes.png\"\/><\/td>\n\t\t\t\t<td><img decoding=\"async\" alt=\"\" src=\"\/wp-content\/uploads\/2020\/08\/check_yes.png\"\/><\/td>\n\t\t\t\t<td><img decoding=\"async\" alt=\"\" src=\"\/wp-content\/uploads\/2020\/08\/check_yes.png\"\/><\/td>\n\t\t\t<\/tr>\n\t\t\t<tr class=\"active\">\n\t\t\t\t<td>Free WI-FI<\/td>\n\t\t\t\t<td><img decoding=\"async\" alt=\"\" src=\"\/wp-content\/uploads\/2020\/08\/check_yes.png\"\/><\/td>\n\t\t\t\t<td><img decoding=\"async\" alt=\"\" src=\"\/wp-content\/uploads\/2020\/08\/check_yes.png\"\/><\/td>\n\t\t\t\t<td><img decoding=\"async\" alt=\"\" src=\"\/wp-content\/uploads\/2020\/08\/check_yes.png\"\/><\/td>\n\t\t\t\t<td><img decoding=\"async\" alt=\"\" src=\"\/wp-content\/uploads\/2020\/08\/check_yes.png\"\/><\/td>\n\t\t\t\t<td><img decoding=\"async\" alt=\"\" src=\"\/wp-content\/uploads\/2020\/08\/check_yes.png\"\/><\/td>\n\t\t\t\t<td><img decoding=\"async\" alt=\"\" src=\"\/wp-content\/uploads\/2020\/08\/check_yes.png\"\/><\/td>\n\t\t\t<\/tr>\n\t\t\t<tr class=\"active\">\n\t\t\t\t<td>Hotelkosmetik-Set<\/td>\n\t\t\t\t<td><img decoding=\"async\" alt=\"\" src=\"\/wp-content\/uploads\/2020\/08\/check_yes.png\"\/><\/td>\n\t\t\t\t<td><img decoding=\"async\" alt=\"\" src=\"\/wp-content\/uploads\/2020\/08\/check_yes.png\"\/><\/td>\n\t\t\t\t<td><img decoding=\"async\" alt=\"\" src=\"\/wp-content\/uploads\/2020\/08\/check_yes.png\"\/><\/td>\n\t\t\t\t<td><img decoding=\"async\" alt=\"\" src=\"\/wp-content\/uploads\/2020\/08\/check_yes.png\"\/><\/td>\n\t\t\t\t<td><img decoding=\"async\" alt=\"\" src=\"\/wp-content\/uploads\/2020\/08\/check_yes.png\"\/><\/td>\n\t\t\t\t<td><img decoding=\"async\" alt=\"\" src=\"\/wp-content\/uploads\/2020\/08\/check_yes.png\"\/><\/td>\n\t\t\t<\/tr>\n\t\t\t<tr>\n\t\t\t\t<td>Bademantel<\/td>\n\t\t\t\t<td>\u00a0<\/td>\n\t\t\t\t<td>\u00a0<\/td>\n\t\t\t\t<td>\u00a0<\/td>\n\t\t\t\t<td><\/td>\n\t\t\t\t<td>\u00a0<\/td>\n\t\t\t\t<td><img decoding=\"async\" alt=\"\" src=\"\/wp-content\/uploads\/2020\/08\/check_yes.png\"\/><\/td>\n\t\t\t\t<\/tr>\n\t\t\t<tr class=\"active\">\n\t\t\t\t<td>Handtuch f\u00fcr SkyPool<\/td>\n\t\t\t\t<td>\u00a0<\/td>\n\t\t\t\t<td>\u00a0<\/td>\n\t\t\t\t<td>\u00a0<\/td>\n\t\t\t\t<td>\u00a0<\/td>\n\t\t\t\t<td><img decoding=\"async\" alt=\"\" src=\"\/wp-content\/uploads\/2020\/08\/check_yes.png\"\/><\/td>\n\t\t\t\t<td><img decoding=\"async\" alt=\"\" src=\"\/wp-content\/uploads\/2020\/08\/check_yes.png\"\/><\/td>\n\t\t\t\t\n\t\t\t<\/tr>\n\t\t\t<tr>\n\t\t\t\t<td>Blick<\/td>\n\t\t\t\t<td>Innenhof<\/td>\n\t\t\t\t<td>Innenhof<\/td>\n\t\t\t\t<td>Monte Oro oder Innenhof<\/td>\n\t\t\t\t<td>Monte Oro oder Innenhof<\/td>\n\t\t\t\t<td>Gardasee<\/td>\n\t\t\t\t<td>Gardasee<\/td>\n\t\t\t<\/tr>\n\t\t\t<tr class=\"active\">\n\t\t\t\t<td>Flasche Prosecco<\/td>\n\t\t\t\t<td>\u00a0<\/td>\n\t\t\t\t<td>\u00a0<\/td>\n\t\t\t\t<td>\u00a0<\/td>\n\t\t\t\t<td>\u00a0<\/td>\n\t\t\t\t<td>\u00a0<\/td>\n\t\t\t\t<td><img decoding=\"async\" alt=\"\" src=\"\/wp-content\/uploads\/2020\/08\/check_yes.png\"\/><\/td>\n\t\t\t\t\n\t\t\t<\/tr><tr class=\"tab-comp_ultimariga\">\n\t\t\t\t<td>Frischobst<\/td>\n\t\t\t\t<td>\u00a0<\/td>\n\t\t\t\t<td>\u00a0<\/td>\n\t\t\t\t<td>\u00a0<\/td>\n\t\t\t\t<td>\u00a0<\/td>\n\t\t\t\t<td>\u00a0<\/td>\n\t\t\t\t<td><img decoding=\"async\" alt=\"\" src=\"\/wp-content\/uploads\/2020\/08\/check_yes.png\"\/><\/td>\n\t\t\t<\/tr>\n\t\t\t<tr>\n\t\t\t\t<td><br\/>\n\t\t\t\t<\/td>\n\t\t\t\t<td>\n\t\t\t\t<div class=\"col_full\">\n\t\t\t\t<a class=\"button button-small button-rounded uppercase\" style=\"margin-left: 0px;\" href=\"https:\/\/www.hoteleuropariva.it\/de\/zimmer\/einzelzimmer\/\">ENTDECKEN<\/a>\n\t\t\t\t<\/div>\n\t\t\t\t<\/td>\n\t\t\t\t<td>\n\t\t\t\t<div class=\"col_full\">\n\t\t\t\t<a class=\"button button-small button-rounded uppercase\" style=\"margin-left: 0px;\" href=\"https:\/\/www.hoteleuropariva.it\/de\/zimmer\/standard\/\">ENTDECKEN<\/a>\n\t\t\t\t<\/div>\n\t\t\t\t<\/td>\n\t\t\t\t<td>\n\t\t\t\t<div class=\"col_full\">\n\t\t\t\t<a class=\"button button-small button-rounded uppercase\" style=\"margin-left: 0px;\" href=\"https:\/\/www.hoteleuropariva.it\/de\/zimmer\/classic-2\/\">ENTDECKEN<\/a>\n\t\t\t\t<\/div>\n\t\t\t\t<\/td>\n\t\t\t\t<td>\n\t\t\t\t<div class=\"col_full\">\n\t\t\t\t<a class=\"button button-small button-rounded uppercase\" style=\"margin-left: 0px;\" href=\"https:\/\/www.hoteleuropariva.it\/de\/zimmer\/classic-large\/\">ENTDECKEN<\/a>\n\t\t\t\t<\/div>\n\t\t\t\t<\/td>\n\t\t\t\t<td>\n\t\t\t\t<div class=\"col_full\">\n\t\t\t\t<a class=\"button button-small button-rounded uppercase\" style=\"margin-left: 0px;\" href=\"https:\/\/www.hoteleuropariva.it\/de\/zimmer\/superior-seeblick\/\">ENTDECKEN<\/a>\n\t\t\t\t<\/div>\n\t\t\t\t<\/td>\n\t\t\t\t<td>\n\t\t\t\t<div class=\"col_full\">\n\t\t\t\t<a class=\"button button-small button-rounded uppercase\" style=\"margin-left: 0px;\" href=\"https:\/\/www.hoteleuropariva.it\/de\/zimmer\/deluxe-seeblick\/\">ENTDECKEN<\/a>\n\t\t\t\t<\/div>\n\t\t\t\t<\/td>\n\t\t\t<\/tr>\n\t\t<\/tbody>\n\t<\/table>\n<!-- fine tabella comparativa -->\n\n<\/div>\n<\/div><\/div>\n\n\n<div class=\"conver-widget-v2\"\n     data-instance=\"conver-v2-2\">\n\n  <div class=\"chat-container\" id=\"chat-section\">\n\n    <div class=\"chat-header\">\n      <div class=\"chat-header-logo\">\n        <img decoding=\"async\"\n          src=\"https:\/\/www.hoteleuropariva.it\/wp-content\/themes\/jampaa\/template-parts\/ricerca-conversazionale-v2\/assets\/img\/logo-ricerca-conv.png\"\n          alt=\"\"\n        >\n        <span>Hallo<\/span>\n      <\/div>\n\n      <h2>Womit fangen wir an?<\/h2>\n    <\/div>\n\n    <!-- Chat -->\n    <div class=\"chat-box\"><\/div>\n\n    <!-- Loading -->\n    <div class=\"loading-conver hidden\" aria-hidden=\"true\">\n      <div class=\"dot\"><\/div><div class=\"dot\"><\/div><div class=\"dot\"><\/div>\n    <\/div>\n\n    <!-- Input -->\n    <div class=\"input-area-conver-wrapper\">\n      <div class=\"input-area-conver\">\n        <textarea\n          class=\"user-input-conver\"\n          placeholder=\"Stelle eine Frage...\"\n          rows=\"1\"\n        ><\/textarea>\n\n        <div class=\"box-btn-conver\">\n          <a class=\"send-btn-conver\" href=\"#\" role=\"button\" aria-label=\"AI Search\">\n            <i class=\"fa-light fa-magnifying-glass icon-search\" aria-hidden=\"true\"><\/i>\n            <i class=\"fa-regular fa-arrow-up icon-send hidden\" aria-hidden=\"true\"><\/i>\n            <span class=\"ai-search-text\">AI Search<\/span>\n          <\/a>\n\n          <i class=\"fa-light fa-close icon-erase hidden\" aria-hidden=\"true\"><\/i>\n        <\/div>\n      <\/div>\n    <\/div>\n    <span class=\"show-quick-questions hidden\">Zeige schnelle Fragen<\/span>\n\n    <!-- Domande rapide -->\n    <div class=\"entry-chats-wrapper\">\n      <button type=\"button\" class=\"entry-chat\" data-prompt=\"Ein Zimmer f\u00fcr zwei Personen buchen\">\n        Ein Zimmer f\u00fcr zwei Personen buchen      <\/button>\n\n      <button type=\"button\" class=\"entry-chat\" data-prompt=\"Sonderangebote entdecken\">\n        Sonderangebote entdecken      <\/button>\n\n      <button type=\"button\" class=\"entry-chat\" data-prompt=\"Zimmer entdecken\">\n        Zimmer entdecken      <\/button>\n\n      <button type=\"button\" class=\"entry-chat\" data-prompt=\"Entdecke den Sky Pool und das Wellnesscenter Ninfea\">\n        Entdecke den Sky Pool und das Wellnesscenter Ninfea      <\/button>\n    <\/div>\n\n  <\/div>\n<\/div>\n","protected":false},"excerpt":{"rendered":"","protected":false},"author":2,"featured_media":5991,"parent":0,"menu_order":0,"comment_status":"closed","ping_status":"closed","template":"","meta":{"_acf_changed":false,"advgb_blocks_editor_width":"","advgb_blocks_columns_visual_guide":"","footnotes":""},"class_list":["post-2604","page","type-page","status-publish","has-post-thumbnail","hentry"],"acf":[],"yoast_head":"<!-- This site is optimized with the Yoast SEO plugin v27.4 - https:\/\/yoast.com\/product\/yoast-seo-wordpress\/ -->\n<title>Entdecken Sie die Zimmer des Hotels Europa in Riva del Garda<\/title>\n<meta name=\"description\" content=\"Die Zimmer des Hotels Europa eignen sich sowohl f\u00fcr P\u00e4rchen als auch Familien und Gruppen, die einen erholsamen Aufenthalt verbringen und den wundersch\u00f6nen Gardasee entdecken m\u00f6chten.\" \/>\n<meta name=\"robots\" content=\"index, follow, max-snippet:-1, max-image-preview:large, max-video-preview:-1\" \/>\n<link rel=\"canonical\" href=\"https:\/\/www.hoteleuropariva.it\/de\/unsere-zimmer\/\" \/>\n<meta property=\"og:locale\" content=\"de_DE\" \/>\n<meta property=\"og:type\" content=\"article\" \/>\n<meta property=\"og:title\" content=\"Entdecken Sie die Zimmer des Hotels Europa in Riva del Garda\" \/>\n<meta property=\"og:description\" content=\"Die Zimmer des Hotels Europa eignen sich sowohl f\u00fcr P\u00e4rchen als auch Familien und Gruppen, die einen erholsamen Aufenthalt verbringen und den wundersch\u00f6nen Gardasee entdecken m\u00f6chten.\" \/>\n<meta property=\"og:url\" content=\"https:\/\/www.hoteleuropariva.it\/de\/unsere-zimmer\/\" \/>\n<meta property=\"og:site_name\" content=\"Hotel Europa\" \/>\n<meta property=\"article:modified_time\" content=\"2026-02-17T15:47:18+00:00\" \/>\n<meta property=\"og:image\" content=\"https:\/\/www.hoteleuropariva.it\/wp-content\/uploads\/2020\/08\/lux-1.jpg\" \/>\n\t<meta property=\"og:image:width\" content=\"2000\" \/>\n\t<meta property=\"og:image:height\" content=\"1243\" \/>\n\t<meta property=\"og:image:type\" content=\"image\/jpeg\" \/>\n<meta name=\"twitter:card\" content=\"summary_large_image\" \/>\n<meta name=\"twitter:label1\" content=\"Gesch\u00e4tzte Lesezeit\" \/>\n\t<meta name=\"twitter:data1\" content=\"9\u00a0Minuten\" \/>\n<script type=\"application\/ld+json\" class=\"yoast-schema-graph\">{\"@context\":\"https:\\\/\\\/schema.org\",\"@graph\":[{\"@type\":\"WebPage\",\"@id\":\"https:\\\/\\\/www.hoteleuropariva.it\\\/de\\\/unsere-zimmer\\\/\",\"url\":\"https:\\\/\\\/www.hoteleuropariva.it\\\/de\\\/unsere-zimmer\\\/\",\"name\":\"Entdecken Sie die Zimmer des Hotels Europa in Riva del Garda\",\"isPartOf\":{\"@id\":\"https:\\\/\\\/www.hoteleuropariva.it\\\/de\\\/#website\"},\"primaryImageOfPage\":{\"@id\":\"https:\\\/\\\/www.hoteleuropariva.it\\\/de\\\/unsere-zimmer\\\/#primaryimage\"},\"image\":{\"@id\":\"https:\\\/\\\/www.hoteleuropariva.it\\\/de\\\/unsere-zimmer\\\/#primaryimage\"},\"thumbnailUrl\":\"https:\\\/\\\/www.hoteleuropariva.it\\\/wp-content\\\/uploads\\\/2020\\\/08\\\/lux-1.jpg\",\"datePublished\":\"2020-08-19T11:34:20+00:00\",\"dateModified\":\"2026-02-17T15:47:18+00:00\",\"description\":\"Die Zimmer des Hotels Europa eignen sich sowohl f\u00fcr P\u00e4rchen als auch Familien und Gruppen, die einen erholsamen Aufenthalt verbringen und den wundersch\u00f6nen Gardasee entdecken m\u00f6chten.\",\"inLanguage\":\"de\",\"potentialAction\":[{\"@type\":\"ReadAction\",\"target\":[\"https:\\\/\\\/www.hoteleuropariva.it\\\/de\\\/unsere-zimmer\\\/\"]}]},{\"@type\":\"ImageObject\",\"inLanguage\":\"de\",\"@id\":\"https:\\\/\\\/www.hoteleuropariva.it\\\/de\\\/unsere-zimmer\\\/#primaryimage\",\"url\":\"https:\\\/\\\/www.hoteleuropariva.it\\\/wp-content\\\/uploads\\\/2020\\\/08\\\/lux-1.jpg\",\"contentUrl\":\"https:\\\/\\\/www.hoteleuropariva.it\\\/wp-content\\\/uploads\\\/2020\\\/08\\\/lux-1.jpg\",\"width\":2000,\"height\":1243},{\"@type\":\"WebSite\",\"@id\":\"https:\\\/\\\/www.hoteleuropariva.it\\\/de\\\/#website\",\"url\":\"https:\\\/\\\/www.hoteleuropariva.it\\\/de\\\/\",\"name\":\"Hotel Europa\",\"description\":\"SkyPool &amp; Panorama | Riva del Garda\",\"publisher\":{\"@id\":\"https:\\\/\\\/www.hoteleuropariva.it\\\/de\\\/#organization\"},\"potentialAction\":[{\"@type\":\"SearchAction\",\"target\":{\"@type\":\"EntryPoint\",\"urlTemplate\":\"https:\\\/\\\/www.hoteleuropariva.it\\\/de\\\/?s={search_term_string}\"},\"query-input\":{\"@type\":\"PropertyValueSpecification\",\"valueRequired\":true,\"valueName\":\"search_term_string\"}}],\"inLanguage\":\"de\"},{\"@type\":\"Organization\",\"@id\":\"https:\\\/\\\/www.hoteleuropariva.it\\\/de\\\/#organization\",\"name\":\"Hotel Europa\",\"url\":\"https:\\\/\\\/www.hoteleuropariva.it\\\/de\\\/\",\"logo\":{\"@type\":\"ImageObject\",\"inLanguage\":\"de\",\"@id\":\"https:\\\/\\\/www.hoteleuropariva.it\\\/de\\\/#\\\/schema\\\/logo\\\/image\\\/\",\"url\":\"https:\\\/\\\/www.hoteleuropariva.it\\\/wp-content\\\/uploads\\\/2024\\\/02\\\/cropped-cropped-hotel-europa-logo-negativo.png\",\"contentUrl\":\"https:\\\/\\\/www.hoteleuropariva.it\\\/wp-content\\\/uploads\\\/2024\\\/02\\\/cropped-cropped-hotel-europa-logo-negativo.png\",\"width\":700,\"height\":143,\"caption\":\"Hotel Europa\"},\"image\":{\"@id\":\"https:\\\/\\\/www.hoteleuropariva.it\\\/de\\\/#\\\/schema\\\/logo\\\/image\\\/\"}}]}<\/script>\n<!-- \/ Yoast SEO plugin. -->","yoast_head_json":{"title":"Entdecken Sie die Zimmer des Hotels Europa in Riva del Garda","description":"Die Zimmer des Hotels Europa eignen sich sowohl f\u00fcr P\u00e4rchen als auch Familien und Gruppen, die einen erholsamen Aufenthalt verbringen und den wundersch\u00f6nen Gardasee entdecken m\u00f6chten.","robots":{"index":"index","follow":"follow","max-snippet":"max-snippet:-1","max-image-preview":"max-image-preview:large","max-video-preview":"max-video-preview:-1"},"canonical":"https:\/\/www.hoteleuropariva.it\/de\/unsere-zimmer\/","og_locale":"de_DE","og_type":"article","og_title":"Entdecken Sie die Zimmer des Hotels Europa in Riva del Garda","og_description":"Die Zimmer des Hotels Europa eignen sich sowohl f\u00fcr P\u00e4rchen als auch Familien und Gruppen, die einen erholsamen Aufenthalt verbringen und den wundersch\u00f6nen Gardasee entdecken m\u00f6chten.","og_url":"https:\/\/www.hoteleuropariva.it\/de\/unsere-zimmer\/","og_site_name":"Hotel Europa","article_modified_time":"2026-02-17T15:47:18+00:00","og_image":[{"width":2000,"height":1243,"url":"https:\/\/www.hoteleuropariva.it\/wp-content\/uploads\/2020\/08\/lux-1.jpg","type":"image\/jpeg"}],"twitter_card":"summary_large_image","twitter_misc":{"Gesch\u00e4tzte Lesezeit":"9\u00a0Minuten"},"schema":{"@context":"https:\/\/schema.org","@graph":[{"@type":"WebPage","@id":"https:\/\/www.hoteleuropariva.it\/de\/unsere-zimmer\/","url":"https:\/\/www.hoteleuropariva.it\/de\/unsere-zimmer\/","name":"Entdecken Sie die Zimmer des Hotels Europa in Riva del Garda","isPartOf":{"@id":"https:\/\/www.hoteleuropariva.it\/de\/#website"},"primaryImageOfPage":{"@id":"https:\/\/www.hoteleuropariva.it\/de\/unsere-zimmer\/#primaryimage"},"image":{"@id":"https:\/\/www.hoteleuropariva.it\/de\/unsere-zimmer\/#primaryimage"},"thumbnailUrl":"https:\/\/www.hoteleuropariva.it\/wp-content\/uploads\/2020\/08\/lux-1.jpg","datePublished":"2020-08-19T11:34:20+00:00","dateModified":"2026-02-17T15:47:18+00:00","description":"Die Zimmer des Hotels Europa eignen sich sowohl f\u00fcr P\u00e4rchen als auch Familien und Gruppen, die einen erholsamen Aufenthalt verbringen und den wundersch\u00f6nen Gardasee entdecken m\u00f6chten.","inLanguage":"de","potentialAction":[{"@type":"ReadAction","target":["https:\/\/www.hoteleuropariva.it\/de\/unsere-zimmer\/"]}]},{"@type":"ImageObject","inLanguage":"de","@id":"https:\/\/www.hoteleuropariva.it\/de\/unsere-zimmer\/#primaryimage","url":"https:\/\/www.hoteleuropariva.it\/wp-content\/uploads\/2020\/08\/lux-1.jpg","contentUrl":"https:\/\/www.hoteleuropariva.it\/wp-content\/uploads\/2020\/08\/lux-1.jpg","width":2000,"height":1243},{"@type":"WebSite","@id":"https:\/\/www.hoteleuropariva.it\/de\/#website","url":"https:\/\/www.hoteleuropariva.it\/de\/","name":"Hotel Europa","description":"SkyPool &amp; Panorama | Riva del Garda","publisher":{"@id":"https:\/\/www.hoteleuropariva.it\/de\/#organization"},"potentialAction":[{"@type":"SearchAction","target":{"@type":"EntryPoint","urlTemplate":"https:\/\/www.hoteleuropariva.it\/de\/?s={search_term_string}"},"query-input":{"@type":"PropertyValueSpecification","valueRequired":true,"valueName":"search_term_string"}}],"inLanguage":"de"},{"@type":"Organization","@id":"https:\/\/www.hoteleuropariva.it\/de\/#organization","name":"Hotel Europa","url":"https:\/\/www.hoteleuropariva.it\/de\/","logo":{"@type":"ImageObject","inLanguage":"de","@id":"https:\/\/www.hoteleuropariva.it\/de\/#\/schema\/logo\/image\/","url":"https:\/\/www.hoteleuropariva.it\/wp-content\/uploads\/2024\/02\/cropped-cropped-hotel-europa-logo-negativo.png","contentUrl":"https:\/\/www.hoteleuropariva.it\/wp-content\/uploads\/2024\/02\/cropped-cropped-hotel-europa-logo-negativo.png","width":700,"height":143,"caption":"Hotel Europa"},"image":{"@id":"https:\/\/www.hoteleuropariva.it\/de\/#\/schema\/logo\/image\/"}}]}},"coauthors":[],"author_meta":{"author_link":"https:\/\/www.hoteleuropariva.it\/de\/author\/hotel-europa\/","display_name":"Promoservice"},"relative_dates":{"created":"Posted 6\u00a0Jahren ago","modified":"Updated 2\u00a0Monaten ago"},"absolute_dates":{"created":"Posted on 19. August 2020","modified":"Updated on 17. Februar 2026"},"absolute_dates_time":{"created":"Posted on 19. August 2020 13:34","modified":"Updated on 17. Februar 2026 16:47"},"featured_img_caption":"","featured_img":"https:\/\/www.hoteleuropariva.it\/wp-content\/uploads\/2020\/08\/lux-1-1200x746.jpg","series_order":"","_links":{"self":[{"href":"https:\/\/www.hoteleuropariva.it\/de\/wp-json\/wp\/v2\/pages\/2604","targetHints":{"allow":["GET"]}}],"collection":[{"href":"https:\/\/www.hoteleuropariva.it\/de\/wp-json\/wp\/v2\/pages"}],"about":[{"href":"https:\/\/www.hoteleuropariva.it\/de\/wp-json\/wp\/v2\/types\/page"}],"author":[{"embeddable":true,"href":"https:\/\/www.hoteleuropariva.it\/de\/wp-json\/wp\/v2\/users\/2"}],"replies":[{"embeddable":true,"href":"https:\/\/www.hoteleuropariva.it\/de\/wp-json\/wp\/v2\/comments?post=2604"}],"version-history":[{"count":5,"href":"https:\/\/www.hoteleuropariva.it\/de\/wp-json\/wp\/v2\/pages\/2604\/revisions"}],"predecessor-version":[{"id":10393,"href":"https:\/\/www.hoteleuropariva.it\/de\/wp-json\/wp\/v2\/pages\/2604\/revisions\/10393"}],"wp:featuredmedia":[{"embeddable":true,"href":"https:\/\/www.hoteleuropariva.it\/de\/wp-json\/wp\/v2\/media\/5991"}],"wp:attachment":[{"href":"https:\/\/www.hoteleuropariva.it\/de\/wp-json\/wp\/v2\/media?parent=2604"}],"curies":[{"name":"wp","href":"https:\/\/api.w.org\/{rel}","templated":true}]}}