{"id":1718,"date":"2020-08-05T16:25:06","date_gmt":"2020-08-05T14:25:06","guid":{"rendered":"https:\/\/sole.promoservicebeta.com\/?page_id=1718"},"modified":"2026-02-17T16:57:26","modified_gmt":"2026-02-17T15:57:26","slug":"hotel","status":"publish","type":"page","link":"https:\/\/www.hoteleuropariva.it\/de\/hotel\/","title":{"rendered":"Hotel"},"content":{"rendered":"<div  class=\"grids-section grids-is-advanced alignwide\" style=\"--_gs-gap-desktop:0px 0px;--_gs-m-desktop:0px 0 0px 0;--_gs-p-desktop:0 0 0 0;--_gs-bg-desktop:transparent none;--_gs-bg-xp-desktop:0px;--_gs-zi-desktop:1;--_gs-d-desktop:block;--_gs-mw-desktop:calc(100% - 0 - 0);--_gs-gap-tablet:0px 0px;--_gs-m-tablet:0px 0 0px 0;--_gs-p-tablet:0 0 0 0;--_gs-bg-tablet:transparent none;--_gs-bg-xp-tablet:0px;--_gs-zi-tablet:1;--_gs-d-tablet:block;--_gs-mw-tablet:calc(100% - 0 - 0);--_gs-gap-mobile:0px 0px;--_gs-m-mobile:0px 0 0px 0;--_gs-p-mobile:0 0 0 0;--_gs-bg-mobile:#ffffff none;--_gs-bg-xp-mobile:0px;--_gs-zi-mobile:1;--_gs-d-mobile:block;--_gs-mw-mobile:calc(100% - 0 - 0);--_gs-columns:12;--_gs-rows:6\"><div class=\"grids-s-w_i\">\n<div class=\"grids-area\" style=\"--_ga-column:1\/7;--_ga-row:1\/2;--_ga-m-desktop:0 15px 0 0;--_ga-p-desktop:0 60px 0 0;--_ga-bg-desktop:transparent none;--_ga-zi-desktop:auto;--_ga-d-desktop:flex;--_ga-mw-desktop:calc(100% - 0 - 15px);--_ga-m-tablet:0 15px 0 0;--_ga-p-tablet:20px 20px 20px 20px;--_ga-bg-tablet:transparent none;--_ga-zi-tablet:auto;--_ga-d-tablet:flex;--_ga-mw-tablet:calc(100% - 0 - 15px);--_ga-m-mobile:0 15px 0 0;--_ga-p-mobile:20px 20px 20px 20px;--_ga-bg-mobile:transparent none;--_ga-zi-mobile:auto;--_ga-d-mobile:flex;--_ga-mw-mobile:calc(100% - 0 - 15px)\">\n\n<p class=\"small uppercase\"><em>IDEAL F\u00dcR PAARE UND AKTIVURLAUBER<\/em><\/p>\n\n\n\n<h2 class=\"wp-block-heading\"><strong>Herzlich willkommen im Hotel Europa &#8211; Sky Pool &amp; Panorama<\/strong><\/h2>\n\n\n\n<div style=\"height:30px\" aria-hidden=\"true\" class=\"wp-block-spacer\"><\/div>\n\n\n\n<p>Das <strong>****Hotel Europa<\/strong> befindet sich in beneidenswerter Lage mitten in der Altstadt von <strong>Riva del Garda<\/strong> mit ihren engen Gassen und vielen Shoppingm\u00f6glichkeiten und genie\u00dft einen herrlichen Blick auf den kleinen Hafen.<\/p>\n\n\n\n<p><strong>Wir freuen uns auf Sie!<\/strong><\/p>\n\n\n\n<p>Die Hotelleitung und das gesamte Team vom <strong>Hotel Europa in Riva del Garda<\/strong><\/p>\n\n\n\n<div style=\"height:30px\" aria-hidden=\"true\" class=\"wp-block-spacer\"><\/div>\n\n<\/div>\n\n<div class=\"grids-area\" style=\"--_ga-column:7\/13;--_ga-row:1\/2;--_ga-va:center;--_ga-m-desktop:0 0 0 0;--_ga-p-desktop:0 0 0 0;--_ga-bg-desktop:transparent none;--_ga-zi-desktop:auto;--_ga-d-desktop:flex;--_ga-mw-desktop:calc(100% - 0 - 0);--_ga-m-tablet:0 0 0 0;--_ga-p-tablet:0 0 0 0;--_ga-bg-tablet:transparent none;--_ga-zi-tablet:auto;--_ga-d-tablet:flex;--_ga-mw-tablet:calc(100% - 0 - 0);--_ga-m-mobile:0 0 0 0;--_ga-p-mobile:0 0 0 0;--_ga-bg-mobile:transparent none;--_ga-zi-mobile:auto;--_ga-d-mobile:flex;--_ga-mw-mobile:calc(100% - 0 - 0)\">\n\n<figure class=\"wp-block-image size-large\"><img decoding=\"async\" src=\"https:\/\/www.hoteleuropariva.it\/wp-content\/uploads\/2023\/04\/Porto-e-battello-dal-basso-1.jpg\" alt=\"\"\/><\/figure>\n\n<\/div>\n<\/div><\/div>\n\n<div  class=\"grids-section grids-is-advanced alignfull\" style=\"--_gs-gap-desktop:0px 0px;--_gs-m-desktop:0px 0 0 0;--_gs-p-desktop:0 0 0 0;--_gs-bg-desktop:transparent none;--_gs-bg-xp-desktop:0px;--_gs-zi-desktop:auto;--_gs-d-desktop:block;--_gs-mw-desktop:calc(100% - 0 - 0);--_gs-gap-tablet:0px 0px;--_gs-m-tablet:0px 0 0 0;--_gs-p-tablet:0 0 0 0;--_gs-bg-tablet:transparent none;--_gs-bg-xp-tablet:0px;--_gs-zi-tablet:auto;--_gs-d-tablet:block;--_gs-mw-tablet:calc(100% - 0 - 0);--_gs-gap-mobile:0px 0px;--_gs-m-mobile:0px 0 -250px 0;--_gs-p-mobile:0 0 0 0;--_gs-bg-mobile:transparent none;--_gs-bg-xp-mobile:0px;--_gs-zi-mobile:auto;--_gs-d-mobile:block;--_gs-mw-mobile:calc(100% - 0 - 0);--_gs-columns:12;--_gs-rows:6\"><div class=\"grids-s-w_i\">\n<div class=\"grids-area\" style=\"--_ga-column:1\/13;--_ga-row:1\/4;--_ga-m-desktop:0 0 0 0;--_ga-p-desktop:0 0 0 0;--_ga-bg-desktop:transparent url(https:\/\/www.hoteleuropariva.it\/wp-content\/uploads\/2023\/03\/perche-sceglierci_hotel-europa.jpg) no-repeat 50% 50%  \/ cover;--_ga-zi-desktop:auto;--_ga-d-desktop:flex;--_ga-mw-desktop:calc(100% - 0 - 0);--_ga-m-tablet:0 0 0 0;--_ga-p-tablet:0 0 0 0;--_ga-bg-tablet:transparent url(https:\/\/www.hoteleuropariva.it\/wp-content\/uploads\/2023\/03\/perche-sceglierci_hotel-europa.jpg) no-repeat 50% 50%  \/ cover;--_ga-zi-tablet:auto;--_ga-d-tablet:flex;--_ga-mw-tablet:calc(100% - 0 - 0);--_ga-m-mobile:0 0 0 0;--_ga-p-mobile:0 0 0 0;--_ga-bg-mobile:transparent url(https:\/\/www.hoteleuropariva.it\/wp-content\/uploads\/2023\/03\/perche-sceglierci_hotel-europa.jpg) no-repeat 50% 50%  \/ cover;--_ga-zi-mobile:auto;--_ga-d-mobile:flex;--_ga-mw-mobile:calc(100% - 0 - 0)\">\n\n<div style=\"height:100px\" aria-hidden=\"true\" class=\"wp-block-spacer\"><\/div>\n\n<\/div>\n\n<div class=\"grids-area\" style=\"--_ga-column:6\/12;--_ga-row:2\/3;--_ga-va:center;--_ga-m-desktop:0 0 0 0;--_ga-p-desktop:40px 40px 40px 40px;--_ga-bg-desktop:#ffffff none;--_ga-zi-desktop:auto;--_ga-d-desktop:flex;--_ga-mw-desktop:calc(100% - 0 - 0);--_ga-m-tablet:0 0 0 0;--_ga-p-tablet:40px 40px 40px 40px;--_ga-bg-tablet:#ffffff none;--_ga-zi-tablet:auto;--_ga-d-tablet:flex;--_ga-mw-tablet:calc(100% - 0 - 0);--_ga-m-mobile:0 30px 0 30px;--_ga-p-mobile:40px 12px 12px 12px;--_ga-bg-mobile:#ffffff none;--_ga-zi-mobile:auto;--_ga-d-mobile:flex;--_ga-mw-mobile:calc(100% - 30px - 30px)\">\n\n<p class=\"has-normal-font-size\" style=\"font-style:normal;font-weight:300\"><em>Direkt am Gardasee und nur wenige Schritte vom Strand entfernt<\/em><\/p>\n\n\n\n<p class=\"has-larger-font-size\"><strong>Hotel Europa \u2013 Sky Pool &amp; Panorama \u2013 Pluspunkte<\/strong><\/p>\n\n\n\n<p><strong>Strategische Lage, im Herzen von Riva<\/strong><\/p>\n\n\n\n<p>Das Hotel Europa genie\u00dft eine strategische Lage im <strong>Herzen der Altstadt von Riva del Garda<\/strong> und ist trotzdem nur wenige Schritte vom Strand entfernt. Wer auf der Suche nach einem <strong>Erholungsurlaub<\/strong> ist und die Gegend leicht erkunden m\u00f6chte, ist hier genau richtig.<\/p>\n\n\n\n<div class=\"wp-block-buttons is-layout-flex wp-block-buttons-is-layout-flex\">\n<div class=\"wp-block-button\"><a class=\"wp-block-button__link wp-element-button\" href=\"\/de\/?page_id=5799\">LAGE<\/a><\/div>\n<\/div>\n\n<\/div>\n\n<div class=\"grids-area\" style=\"--_ga-column:1\/13;--_ga-row:1\/2;--_ga-m-desktop:0 0 0 0;--_ga-p-desktop:0 0 0 0;--_ga-bg-desktop:transparent none;--_ga-zi-desktop:auto;--_ga-d-desktop:flex;--_ga-mw-desktop:calc(100% - 0 - 0);--_ga-m-tablet:0 0 0 0;--_ga-p-tablet:0 0 0 0;--_ga-bg-tablet:transparent none;--_ga-zi-tablet:auto;--_ga-d-tablet:flex;--_ga-mw-tablet:calc(100% - 0 - 0);--_ga-m-mobile:0 0 0 0;--_ga-p-mobile:0 0 0 0;--_ga-bg-mobile:transparent none;--_ga-zi-mobile:auto;--_ga-d-mobile:flex;--_ga-mw-mobile:calc(100% - 0 - 0)\">\n\n<div style=\"height:100px\" aria-hidden=\"true\" class=\"wp-block-spacer padding-fascia\"><\/div>\n\n<\/div>\n\n<div class=\"grids-area\" style=\"--_ga-column:1\/13;--_ga-row:3\/4;--_ga-m-desktop:0 0 0 0;--_ga-p-desktop:0 0 0 0;--_ga-bg-desktop:transparent none;--_ga-zi-desktop:auto;--_ga-d-desktop:flex;--_ga-mw-desktop:calc(100% - 0 - 0);--_ga-m-tablet:0 0 0 0;--_ga-p-tablet:0 0 0 0;--_ga-bg-tablet:transparent none;--_ga-zi-tablet:auto;--_ga-d-tablet:flex;--_ga-mw-tablet:calc(100% - 0 - 0);--_ga-m-mobile:0 0 0 0;--_ga-p-mobile:0 0 0 0;--_ga-bg-mobile:transparent none;--_ga-zi-mobile:auto;--_ga-d-mobile:flex;--_ga-mw-mobile:calc(100% - 0 - 0)\">\n\n<div style=\"height:100px\" aria-hidden=\"true\" class=\"wp-block-spacer padding-fascia\"><\/div>\n\n<\/div>\n<\/div><\/div>\n\n<div  class=\"grids-section grids-is-advanced alignfull\" style=\"--_gs-gap-desktop:0px 0px;--_gs-m-desktop:0px 0 0 0;--_gs-p-desktop:0 0 0 0;--_gs-bg-desktop:transparent none;--_gs-bg-xp-desktop:0px;--_gs-zi-desktop:auto;--_gs-d-desktop:block;--_gs-mw-desktop:calc(100% - 0 - 0);--_gs-gap-tablet:0px 0px;--_gs-m-tablet:0px 0 0 0;--_gs-p-tablet:0 0 0 0;--_gs-bg-tablet:transparent none;--_gs-bg-xp-tablet:0px;--_gs-zi-tablet:auto;--_gs-d-tablet:block;--_gs-mw-tablet:calc(100% - 0 - 0);--_gs-gap-mobile:0px 0px;--_gs-m-mobile:0px 0 -150px 0;--_gs-p-mobile:0 0 0 0;--_gs-bg-mobile:transparent none;--_gs-bg-xp-mobile:0px;--_gs-zi-mobile:auto;--_gs-d-mobile:block;--_gs-mw-mobile:calc(100% - 0 - 0);--_gs-columns:12;--_gs-rows:6\"><div class=\"grids-s-w_i\">\n<div class=\"grids-area\" style=\"--_ga-column:1\/13;--_ga-row:1\/4;--_ga-m-desktop:0 0 0 0;--_ga-p-desktop:0 0 0 0;--_ga-bg-desktop:transparent url(https:\/\/www.hoteleuropariva.it\/wp-content\/uploads\/2023\/04\/ristorante4.jpg) no-repeat 50% 50%  \/ cover;--_ga-zi-desktop:auto;--_ga-d-desktop:flex;--_ga-mw-desktop:calc(100% - 0 - 0);--_ga-m-tablet:0 0 0 0;--_ga-p-tablet:0 0 0 0;--_ga-bg-tablet:transparent url(https:\/\/www.hoteleuropariva.it\/wp-content\/uploads\/2023\/04\/ristorante4.jpg) no-repeat 50% 50%  \/ cover;--_ga-zi-tablet:auto;--_ga-d-tablet:flex;--_ga-mw-tablet:calc(100% - 0 - 0);--_ga-m-mobile:0 0 0 0;--_ga-p-mobile:0 0 0 0;--_ga-bg-mobile:transparent url(https:\/\/www.hoteleuropariva.it\/wp-content\/uploads\/2023\/04\/ristorante4.jpg) no-repeat 50% 50%  \/ cover;--_ga-zi-mobile:auto;--_ga-d-mobile:flex;--_ga-mw-mobile:calc(100% - 0 - 0)\">\n\n<div style=\"height:100px\" aria-hidden=\"true\" class=\"wp-block-spacer\"><\/div>\n\n<\/div>\n\n<div class=\"grids-area\" style=\"--_ga-column:1\/13;--_ga-row:1\/2;--_ga-m-desktop:0 0 0 0;--_ga-p-desktop:0 0 0 0;--_ga-bg-desktop:transparent none;--_ga-zi-desktop:auto;--_ga-d-desktop:flex;--_ga-mw-desktop:calc(100% - 0 - 0);--_ga-m-tablet:0 0 0 0;--_ga-p-tablet:0 0 0 0;--_ga-bg-tablet:transparent none;--_ga-zi-tablet:auto;--_ga-d-tablet:flex;--_ga-mw-tablet:calc(100% - 0 - 0);--_ga-m-mobile:0 0 0 0;--_ga-p-mobile:0 0 0 0;--_ga-bg-mobile:transparent none;--_ga-zi-mobile:auto;--_ga-d-mobile:flex;--_ga-mw-mobile:calc(100% - 0 - 0)\">\n\n<div style=\"height:100px\" aria-hidden=\"true\" class=\"wp-block-spacer padding-fascia\"><\/div>\n\n<\/div>\n\n<div class=\"grids-area\" style=\"--_ga-column:2\/8;--_ga-row:2\/3;--_ga-va:center;--_ga-m-desktop:0 0 0 0;--_ga-p-desktop:40px 40px 40px 40px;--_ga-bg-desktop:#ffffff none;--_ga-zi-desktop:auto;--_ga-d-desktop:flex;--_ga-mw-desktop:calc(100% - 0 - 0);--_ga-m-tablet:0 0 0 0;--_ga-p-tablet:40px 40px 40px 40px;--_ga-bg-tablet:#ffffff none;--_ga-zi-tablet:auto;--_ga-d-tablet:flex;--_ga-mw-tablet:calc(100% - 0 - 0);--_ga-m-mobile:-100px 30px 0 30px;--_ga-p-mobile:12px 12px 12px 12px;--_ga-bg-mobile:#ffffff none;--_ga-zi-mobile:auto;--_ga-d-mobile:flex;--_ga-mw-mobile:calc(100% - 30px - 30px)\">\n\n<p class=\"has-normal-font-size\" style=\"font-style:normal;font-weight:300\"><em>Atemberaubende Aussicht auf den Gardasee<\/em><\/p>\n\n\n\n<p><strong>Restaurantterrasse am See<\/strong><\/p>\n\n\n\n<p>Das Hotel Europa verf\u00fcgt mit der <strong>Restaurantterrasse mit direktem Blick auf den Gardasee<\/strong> \u00fcber eine einzigartige und raffinierte Lage. Egal, ob zum Sonnenaufgang oder zum Sonnenuntergang, der Blick auf die Berge \u00fcber dem See ist von hier aus unvergleichlich.<\/p>\n\n\n\n<div class=\"wp-block-buttons is-layout-flex wp-block-buttons-is-layout-flex\">\n<div class=\"wp-block-button\"><a class=\"wp-block-button__link wp-element-button\" href=\"\/de\/?page_id=1463\">RESTAURANT<\/a><\/div>\n<\/div>\n\n<\/div>\n\n<div class=\"grids-area\" style=\"--_ga-column:1\/13;--_ga-row:3\/4;--_ga-m-desktop:0 0 0 0;--_ga-p-desktop:0 0 0 0;--_ga-bg-desktop:transparent none;--_ga-zi-desktop:auto;--_ga-d-desktop:flex;--_ga-mw-desktop:calc(100% - 0 - 0);--_ga-m-tablet:0 0 0 0;--_ga-p-tablet:0 0 0 0;--_ga-bg-tablet:transparent none;--_ga-zi-tablet:auto;--_ga-d-tablet:flex;--_ga-mw-tablet:calc(100% - 0 - 0);--_ga-m-mobile:0 0 0 0;--_ga-p-mobile:0 0 0 0;--_ga-bg-mobile:transparent none;--_ga-zi-mobile:auto;--_ga-d-mobile:flex;--_ga-mw-mobile:calc(100% - 0 - 0)\">\n\n<div style=\"height:100px\" aria-hidden=\"true\" class=\"wp-block-spacer padding-fascia\"><\/div>\n\n<\/div>\n<\/div><\/div>\n\n<div  class=\"grids-section grids-is-advanced alignfull\" style=\"--_gs-gap-desktop:0px 0px;--_gs-m-desktop:0px 0 0 0;--_gs-p-desktop:0 0 0 0;--_gs-bg-desktop:transparent none;--_gs-bg-xp-desktop:0px;--_gs-zi-desktop:auto;--_gs-d-desktop:block;--_gs-mw-desktop:calc(100% - 0 - 0);--_gs-gap-tablet:0px 0px;--_gs-m-tablet:0px 0 0 0;--_gs-p-tablet:0 0 0 0;--_gs-bg-tablet:transparent none;--_gs-bg-xp-tablet:0px;--_gs-zi-tablet:auto;--_gs-d-tablet:block;--_gs-mw-tablet:calc(100% - 0 - 0);--_gs-gap-mobile:0px 0px;--_gs-m-mobile:0px 0 -250px 0;--_gs-p-mobile:0 0 0 0;--_gs-bg-mobile:transparent none;--_gs-bg-xp-mobile:0px;--_gs-zi-mobile:auto;--_gs-d-mobile:block;--_gs-mw-mobile:calc(100% - 0 - 0);--_gs-columns:12;--_gs-rows:6\"><div class=\"grids-s-w_i\">\n<div class=\"grids-area\" style=\"--_ga-column:1\/13;--_ga-row:1\/4;--_ga-m-desktop:0 0 0 0;--_ga-p-desktop:0 0 0 0;--_ga-bg-desktop:transparent url(https:\/\/www.hoteleuropariva.it\/wp-content\/uploads\/2023\/03\/piscina-solarium_hotel-europa.jpg) no-repeat 50% 50%  \/ cover;--_ga-zi-desktop:auto;--_ga-d-desktop:flex;--_ga-mw-desktop:calc(100% - 0 - 0);--_ga-m-tablet:0 0 0 0;--_ga-p-tablet:0 0 0 0;--_ga-bg-tablet:transparent url(https:\/\/www.hoteleuropariva.it\/wp-content\/uploads\/2023\/03\/piscina-solarium_hotel-europa.jpg) no-repeat 50% 50%  \/ cover;--_ga-zi-tablet:auto;--_ga-d-tablet:flex;--_ga-mw-tablet:calc(100% - 0 - 0);--_ga-m-mobile:0 0 0 0;--_ga-p-mobile:0 0 0 0;--_ga-bg-mobile:transparent url(https:\/\/www.hoteleuropariva.it\/wp-content\/uploads\/2023\/03\/piscina-solarium_hotel-europa.jpg) no-repeat 50% 50%  \/ cover;--_ga-zi-mobile:auto;--_ga-d-mobile:flex;--_ga-mw-mobile:calc(100% - 0 - 0)\">\n\n<div style=\"height:100px\" aria-hidden=\"true\" class=\"wp-block-spacer\"><\/div>\n\n<\/div>\n\n<div class=\"grids-area\" style=\"--_ga-column:6\/12;--_ga-row:2\/3;--_ga-va:center;--_ga-m-desktop:0 0 0 0;--_ga-p-desktop:40px 40px 40px 40px;--_ga-bg-desktop:#ffffff none;--_ga-zi-desktop:auto;--_ga-d-desktop:flex;--_ga-mw-desktop:calc(100% - 0 - 0);--_ga-m-tablet:0 0 0 0;--_ga-p-tablet:40px 40px 40px 40px;--_ga-bg-tablet:#ffffff none;--_ga-zi-tablet:auto;--_ga-d-tablet:flex;--_ga-mw-tablet:calc(100% - 0 - 0);--_ga-m-mobile:0 30px 0 30px;--_ga-p-mobile:12px 12px 12px 12px;--_ga-bg-mobile:#ffffff none;--_ga-zi-mobile:auto;--_ga-d-mobile:flex;--_ga-mw-mobile:calc(100% - 30px - 30px)\">\n\n<p class=\"has-normal-font-size\" style=\"font-style:normal;font-weight:300\"><i><span style=\"font-weight: 400;\">G\u00f6nnen Sie sich etwas Entspannung<\/span><\/i><\/p>\n\n\n\n<p><strong>Kleinen Swimmingpool und Sonnenterrasse mit Seeblick<\/strong><\/p>\n\n\n\n<p>Die Sonnenterrasse bietet einen spektakul\u00e4ren <strong>Ausblick auf den See<\/strong> und l\u00e4dt zum <strong>Sonnenbaden am Pool<\/strong> ein.<\/p>\n\n\n\n<div class=\"wp-block-buttons is-layout-flex wp-block-buttons-is-layout-flex\">\n<div class=\"wp-block-button\"><a class=\"wp-block-button__link wp-element-button\" href=\"\/de\/?page_id=1411\">POOL<\/a><\/div>\n<\/div>\n\n<\/div>\n\n<div class=\"grids-area\" style=\"--_ga-column:1\/13;--_ga-row:1\/2;--_ga-m-desktop:0 0 0 0;--_ga-p-desktop:0 0 0 0;--_ga-bg-desktop:transparent none;--_ga-zi-desktop:auto;--_ga-d-desktop:flex;--_ga-mw-desktop:calc(100% - 0 - 0);--_ga-m-tablet:0 0 0 0;--_ga-p-tablet:0 0 0 0;--_ga-bg-tablet:transparent none;--_ga-zi-tablet:auto;--_ga-d-tablet:flex;--_ga-mw-tablet:calc(100% - 0 - 0);--_ga-m-mobile:0 0 0 0;--_ga-p-mobile:0 0 0 0;--_ga-bg-mobile:transparent none;--_ga-zi-mobile:auto;--_ga-d-mobile:flex;--_ga-mw-mobile:calc(100% - 0 - 0)\">\n\n<div style=\"height:100px\" aria-hidden=\"true\" class=\"wp-block-spacer padding-fascia\"><\/div>\n\n<\/div>\n\n<div class=\"grids-area\" style=\"--_ga-column:1\/13;--_ga-row:3\/4;--_ga-m-desktop:0 0 0 0;--_ga-p-desktop:0 0 0 0;--_ga-bg-desktop:transparent none;--_ga-zi-desktop:auto;--_ga-d-desktop:flex;--_ga-mw-desktop:calc(100% - 0 - 0);--_ga-m-tablet:0 0 0 0;--_ga-p-tablet:0 0 0 0;--_ga-bg-tablet:transparent none;--_ga-zi-tablet:auto;--_ga-d-tablet:flex;--_ga-mw-tablet:calc(100% - 0 - 0);--_ga-m-mobile:0 0 0 0;--_ga-p-mobile:0 0 0 0;--_ga-bg-mobile:transparent none;--_ga-zi-mobile:auto;--_ga-d-mobile:flex;--_ga-mw-mobile:calc(100% - 0 - 0)\">\n\n<div style=\"height:100px\" aria-hidden=\"true\" class=\"wp-block-spacer padding-fascia\"><\/div>\n\n<\/div>\n<\/div><\/div>\n\n<div  class=\"grids-section grids-is-advanced alignfull\" style=\"--_gs-gap-desktop:0px 0px;--_gs-m-desktop:0px 0 0 0;--_gs-p-desktop:0 0 0 0;--_gs-bg-desktop:transparent none;--_gs-bg-xp-desktop:0px;--_gs-zi-desktop:auto;--_gs-d-desktop:block;--_gs-mw-desktop:calc(100% - 0 - 0);--_gs-gap-tablet:0px 0px;--_gs-m-tablet:0px 0 0 0;--_gs-p-tablet:0 0 0 0;--_gs-bg-tablet:transparent none;--_gs-bg-xp-tablet:0px;--_gs-zi-tablet:auto;--_gs-d-tablet:block;--_gs-mw-tablet:calc(100% - 0 - 0);--_gs-gap-mobile:0px 0px;--_gs-m-mobile:0px 0 -150px 0;--_gs-p-mobile:0 0 0 0;--_gs-bg-mobile:transparent none;--_gs-bg-xp-mobile:0px;--_gs-zi-mobile:auto;--_gs-d-mobile:block;--_gs-mw-mobile:calc(100% - 0 - 0);--_gs-columns:12;--_gs-rows:6\"><div class=\"grids-s-w_i\">\n<div class=\"grids-area\" style=\"--_ga-column:1\/13;--_ga-row:1\/4;--_ga-m-desktop:0 0 0 0;--_ga-p-desktop:0 0 0 0;--_ga-bg-desktop:transparent url(https:\/\/www.hoteleuropariva.it\/wp-content\/uploads\/2023\/03\/parcheggio_hotel-europa.jpg) no-repeat 50% 50%  \/ cover;--_ga-zi-desktop:auto;--_ga-d-desktop:flex;--_ga-mw-desktop:calc(100% - 0 - 0);--_ga-m-tablet:0 0 0 0;--_ga-p-tablet:0 0 0 0;--_ga-bg-tablet:transparent url(https:\/\/www.hoteleuropariva.it\/wp-content\/uploads\/2023\/03\/parcheggio_hotel-europa.jpg) no-repeat 50% 50%  \/ cover;--_ga-zi-tablet:auto;--_ga-d-tablet:flex;--_ga-mw-tablet:calc(100% - 0 - 0);--_ga-m-mobile:0 0 0 0;--_ga-p-mobile:0 0 0 0;--_ga-bg-mobile:transparent url(https:\/\/www.hoteleuropariva.it\/wp-content\/uploads\/2023\/03\/parcheggio_hotel-europa.jpg) no-repeat 50% 50%  \/ cover;--_ga-zi-mobile:auto;--_ga-d-mobile:flex;--_ga-mw-mobile:calc(100% - 0 - 0)\">\n\n<div style=\"height:100px\" aria-hidden=\"true\" class=\"wp-block-spacer\"><\/div>\n\n<\/div>\n\n<div class=\"grids-area\" style=\"--_ga-column:1\/13;--_ga-row:1\/2;--_ga-m-desktop:0 0 0 0;--_ga-p-desktop:0 0 0 0;--_ga-bg-desktop:transparent none;--_ga-zi-desktop:auto;--_ga-d-desktop:flex;--_ga-mw-desktop:calc(100% - 0 - 0);--_ga-m-tablet:0 0 0 0;--_ga-p-tablet:0 0 0 0;--_ga-bg-tablet:transparent none;--_ga-zi-tablet:auto;--_ga-d-tablet:flex;--_ga-mw-tablet:calc(100% - 0 - 0);--_ga-m-mobile:0 0 0 0;--_ga-p-mobile:0 0 0 0;--_ga-bg-mobile:transparent none;--_ga-zi-mobile:auto;--_ga-d-mobile:flex;--_ga-mw-mobile:calc(100% - 0 - 0)\">\n\n<div style=\"height:100px\" aria-hidden=\"true\" class=\"wp-block-spacer padding-fascia\"><\/div>\n\n<\/div>\n\n<div class=\"grids-area\" style=\"--_ga-column:2\/8;--_ga-row:2\/3;--_ga-va:center;--_ga-m-desktop:0 0 0 0;--_ga-p-desktop:40px 40px 40px 40px;--_ga-bg-desktop:#ffffff none;--_ga-zi-desktop:auto;--_ga-d-desktop:flex;--_ga-mw-desktop:calc(100% - 0 - 0);--_ga-m-tablet:0 0 0 0;--_ga-p-tablet:40px 40px 40px 40px;--_ga-bg-tablet:#ffffff none;--_ga-zi-tablet:auto;--_ga-d-tablet:flex;--_ga-mw-tablet:calc(100% - 0 - 0);--_ga-m-mobile:-100px 30px 0 30px;--_ga-p-mobile:12px 12px 12px 12px;--_ga-bg-mobile:#ffffff none;--_ga-zi-mobile:auto;--_ga-d-mobile:flex;--_ga-mw-mobile:calc(100% - 30px - 30px)\">\n\n<p class=\"has-normal-font-size\" style=\"font-style:normal;font-weight:300\"><em>Problemloses Parken<\/em><\/p>\n\n\n\n<p><strong>Bequemer Privatparkplatz<\/strong><\/p>\n\n\n\n<p>Trotz der zentralen Lage direkt in der <strong>Altstadt von Riva del Garda<\/strong> ist das Parken beim Hotel Europa kein Problem!<\/p>\n\n\n\n<p>Motorr\u00e4der k\u00f6nnen bequem am <strong>Privatparkplatz direkt beim Hotel parken, w\u00e4hrend die Parkgarage nur 100 Meter entfernt<\/strong> liegt, wo sowohl Autos als auch Motorr\u00e4der Platz finden.<\/p>\n\n\n\n<div class=\"wp-block-buttons is-layout-flex wp-block-buttons-is-layout-flex\">\n<div class=\"wp-block-button\"><a class=\"wp-block-button__link wp-element-button\" href=\"\/de\/?page_id=1479\">PARKPLATZ<\/a><\/div>\n<\/div>\n\n<\/div>\n\n<div class=\"grids-area\" style=\"--_ga-column:1\/13;--_ga-row:3\/4;--_ga-m-desktop:0 0 0 0;--_ga-p-desktop:0 0 0 0;--_ga-bg-desktop:transparent none;--_ga-zi-desktop:auto;--_ga-d-desktop:flex;--_ga-mw-desktop:calc(100% - 0 - 0);--_ga-m-tablet:0 0 0 0;--_ga-p-tablet:0 0 0 0;--_ga-bg-tablet:transparent none;--_ga-zi-tablet:auto;--_ga-d-tablet:flex;--_ga-mw-tablet:calc(100% - 0 - 0);--_ga-m-mobile:0 0 0 0;--_ga-p-mobile:0 0 0 0;--_ga-bg-mobile:transparent none;--_ga-zi-mobile:auto;--_ga-d-mobile:flex;--_ga-mw-mobile:calc(100% - 0 - 0)\">\n\n<div style=\"height:100px\" aria-hidden=\"true\" class=\"wp-block-spacer padding-fascia\"><\/div>\n\n<\/div>\n<\/div><\/div>\n\n<div  class=\"grids-section grids-is-advanced alignfull\" style=\"--_gs-gap-desktop:0px 0px;--_gs-m-desktop:0px 0 0 0;--_gs-p-desktop:0 0 0 0;--_gs-bg-desktop:transparent none;--_gs-bg-xp-desktop:0px;--_gs-zi-desktop:auto;--_gs-d-desktop:block;--_gs-mw-desktop:calc(100% - 0 - 0);--_gs-gap-tablet:0px 0px;--_gs-m-tablet:0px 0 0 0;--_gs-p-tablet:0 0 0 0;--_gs-bg-tablet:transparent none;--_gs-bg-xp-tablet:0px;--_gs-zi-tablet:auto;--_gs-d-tablet:block;--_gs-mw-tablet:calc(100% - 0 - 0);--_gs-gap-mobile:0px 0px;--_gs-m-mobile:0px 0 -250px 0;--_gs-p-mobile:0 0 0 0;--_gs-bg-mobile:transparent none;--_gs-bg-xp-mobile:0px;--_gs-zi-mobile:auto;--_gs-d-mobile:block;--_gs-mw-mobile:calc(100% - 0 - 0);--_gs-columns:12;--_gs-rows:6\"><div class=\"grids-s-w_i\">\n<div class=\"grids-area\" style=\"--_ga-column:1\/13;--_ga-row:1\/4;--_ga-m-desktop:0 0 0 0;--_ga-p-desktop:0 0 0 0;--_ga-bg-desktop:transparent url(https:\/\/www.hoteleuropariva.it\/wp-content\/uploads\/2023\/04\/ricevimento1.jpg) no-repeat 50% 50%  \/ cover;--_ga-zi-desktop:auto;--_ga-d-desktop:flex;--_ga-mw-desktop:calc(100% - 0 - 0);--_ga-m-tablet:0 0 0 0;--_ga-p-tablet:0 0 0 0;--_ga-bg-tablet:transparent url(https:\/\/www.hoteleuropariva.it\/wp-content\/uploads\/2023\/04\/ricevimento1.jpg) no-repeat 50% 50%  \/ cover;--_ga-zi-tablet:auto;--_ga-d-tablet:flex;--_ga-mw-tablet:calc(100% - 0 - 0);--_ga-m-mobile:0 0 0 0;--_ga-p-mobile:0 0 0 0;--_ga-bg-mobile:transparent url(https:\/\/www.hoteleuropariva.it\/wp-content\/uploads\/2023\/04\/ricevimento1.jpg) no-repeat 50% 50%  \/ cover;--_ga-zi-mobile:auto;--_ga-d-mobile:flex;--_ga-mw-mobile:calc(100% - 0 - 0)\">\n\n<div style=\"height:100px\" aria-hidden=\"true\" class=\"wp-block-spacer\"><\/div>\n\n<\/div>\n\n<div class=\"grids-area\" style=\"--_ga-column:6\/12;--_ga-row:2\/3;--_ga-va:center;--_ga-m-desktop:0 0 0 0;--_ga-p-desktop:40px 40px 40px 40px;--_ga-bg-desktop:#ffffff none;--_ga-zi-desktop:auto;--_ga-d-desktop:flex;--_ga-mw-desktop:calc(100% - 0 - 0);--_ga-m-tablet:0 0 0 0;--_ga-p-tablet:40px 40px 40px 40px;--_ga-bg-tablet:#ffffff none;--_ga-zi-tablet:auto;--_ga-d-tablet:flex;--_ga-mw-tablet:calc(100% - 0 - 0);--_ga-m-mobile:0 30px 0 30px;--_ga-p-mobile:12px 12px 12px 12px;--_ga-bg-mobile:#ffffff none;--_ga-zi-mobile:auto;--_ga-d-mobile:flex;--_ga-mw-mobile:calc(100% - 30px - 30px)\">\n\n<p class=\"has-normal-font-size\" style=\"font-style:normal;font-weight:300\"><em>Wohlf\u00fchlen wie zu Hause<\/em><\/p>\n\n\n\n<p><em>F\u00fcrsorgliches und freundliches Team<\/em><\/p>\n\n\n\n<p>Im Europa Hotel erwartet Sie ein <strong>aufmerksames und freundliches Team<\/strong>, das darum besorgt ist, <strong>Ihren Aufenthalt unvergesslich<\/strong> zu gestalten.<\/p>\n\n\n\n<div class=\"wp-block-buttons is-layout-flex wp-block-buttons-is-layout-flex\">\n<div class=\"wp-block-button\"><a class=\"wp-block-button__link wp-element-button\" href=\"\/de\/?page_id=1487\">KONTAKT<\/a><\/div>\n<\/div>\n\n<\/div>\n\n<div class=\"grids-area\" style=\"--_ga-column:1\/13;--_ga-row:1\/2;--_ga-m-desktop:0 0 0 0;--_ga-p-desktop:0 0 0 0;--_ga-bg-desktop:transparent none;--_ga-zi-desktop:auto;--_ga-d-desktop:flex;--_ga-mw-desktop:calc(100% - 0 - 0);--_ga-m-tablet:0 0 0 0;--_ga-p-tablet:0 0 0 0;--_ga-bg-tablet:transparent none;--_ga-zi-tablet:auto;--_ga-d-tablet:flex;--_ga-mw-tablet:calc(100% - 0 - 0);--_ga-m-mobile:0 0 0 0;--_ga-p-mobile:0 0 0 0;--_ga-bg-mobile:transparent none;--_ga-zi-mobile:auto;--_ga-d-mobile:flex;--_ga-mw-mobile:calc(100% - 0 - 0)\">\n\n<div style=\"height:100px\" aria-hidden=\"true\" class=\"wp-block-spacer padding-fascia\"><\/div>\n\n<\/div>\n\n<div class=\"grids-area\" style=\"--_ga-column:1\/13;--_ga-row:3\/4;--_ga-m-desktop:0 0 0 0;--_ga-p-desktop:0 0 0 0;--_ga-bg-desktop:transparent none;--_ga-zi-desktop:auto;--_ga-d-desktop:flex;--_ga-mw-desktop:calc(100% - 0 - 0);--_ga-m-tablet:0 0 0 0;--_ga-p-tablet:0 0 0 0;--_ga-bg-tablet:transparent none;--_ga-zi-tablet:auto;--_ga-d-tablet:flex;--_ga-mw-tablet:calc(100% - 0 - 0);--_ga-m-mobile:0 0 0 0;--_ga-p-mobile:0 0 0 0;--_ga-bg-mobile:transparent none;--_ga-zi-mobile:auto;--_ga-d-mobile:flex;--_ga-mw-mobile:calc(100% - 0 - 0)\">\n\n<div style=\"height:100px\" aria-hidden=\"true\" class=\"wp-block-spacer padding-fascia\"><\/div>\n\n<\/div>\n<\/div><\/div>\n\n\n<div class=\"conver-widget-v2\"\n     data-instance=\"conver-v2-2\">\n\n  <div class=\"chat-container\" id=\"chat-section\">\n\n    <div class=\"chat-header\">\n      <div class=\"chat-header-logo\">\n        <img decoding=\"async\"\n          src=\"https:\/\/www.hoteleuropariva.it\/wp-content\/themes\/jampaa\/template-parts\/ricerca-conversazionale-v2\/assets\/img\/logo-ricerca-conv.png\"\n          alt=\"\"\n        >\n        <span>Hallo<\/span>\n      <\/div>\n\n      <h2>Womit fangen wir an?<\/h2>\n    <\/div>\n\n    <!-- Chat -->\n    <div class=\"chat-box\"><\/div>\n\n    <!-- Loading -->\n    <div class=\"loading-conver hidden\" aria-hidden=\"true\">\n      <div class=\"dot\"><\/div><div class=\"dot\"><\/div><div class=\"dot\"><\/div>\n    <\/div>\n\n    <!-- Input -->\n    <div class=\"input-area-conver-wrapper\">\n      <div class=\"input-area-conver\">\n        <textarea\n          class=\"user-input-conver\"\n          placeholder=\"Stelle eine Frage...\"\n          rows=\"1\"\n        ><\/textarea>\n\n        <div class=\"box-btn-conver\">\n          <a class=\"send-btn-conver\" href=\"#\" role=\"button\" aria-label=\"AI Search\">\n            <i class=\"fa-light fa-magnifying-glass icon-search\" aria-hidden=\"true\"><\/i>\n            <i class=\"fa-regular fa-arrow-up icon-send hidden\" aria-hidden=\"true\"><\/i>\n            <span class=\"ai-search-text\">AI Search<\/span>\n          <\/a>\n\n          <i class=\"fa-light fa-close icon-erase hidden\" aria-hidden=\"true\"><\/i>\n        <\/div>\n      <\/div>\n    <\/div>\n    <span class=\"show-quick-questions hidden\">Zeige schnelle Fragen<\/span>\n\n    <!-- Domande rapide -->\n    <div class=\"entry-chats-wrapper\">\n      <button type=\"button\" class=\"entry-chat\" data-prompt=\"Ein Zimmer f\u00fcr zwei Personen buchen\">\n        Ein Zimmer f\u00fcr zwei Personen buchen      <\/button>\n\n      <button type=\"button\" class=\"entry-chat\" data-prompt=\"Sonderangebote entdecken\">\n        Sonderangebote entdecken      <\/button>\n\n      <button type=\"button\" class=\"entry-chat\" data-prompt=\"Zimmer entdecken\">\n        Zimmer entdecken      <\/button>\n\n      <button type=\"button\" class=\"entry-chat\" data-prompt=\"Entdecke den Sky Pool und das Wellnesscenter Ninfea\">\n        Entdecke den Sky Pool und das Wellnesscenter Ninfea      <\/button>\n    <\/div>\n\n  <\/div>\n<\/div>\n","protected":false},"excerpt":{"rendered":"","protected":false},"author":2,"featured_media":6209,"parent":0,"menu_order":0,"comment_status":"closed","ping_status":"closed","template":"templates\/template-full-width.php","meta":{"_acf_changed":false,"advgb_blocks_editor_width":"","advgb_blocks_columns_visual_guide":"","footnotes":""},"class_list":["post-1718","page","type-page","status-publish","has-post-thumbnail","hentry"],"acf":[],"yoast_head":"<!-- This site is optimized with the Yoast SEO plugin v27.4 - https:\/\/yoast.com\/product\/yoast-seo-wordpress\/ -->\n<title>4-Sterne-Hotel Riva del Garda mit Pool | Hotel Europa SkyPool &amp; Panorama<\/title>\n<meta name=\"description\" content=\"Das 4-Sterne-Hotel \u201ePortici\u201c liegt an der Piazza III Novembre, im Stadtzentrum von Riva del Garda, ganz in Seen\u00e4he.\" \/>\n<meta name=\"robots\" content=\"index, follow, max-snippet:-1, max-image-preview:large, max-video-preview:-1\" \/>\n<link rel=\"canonical\" href=\"https:\/\/www.hoteleuropariva.it\/de\/hotel\/\" \/>\n<meta property=\"og:locale\" content=\"de_DE\" \/>\n<meta property=\"og:type\" content=\"article\" \/>\n<meta property=\"og:title\" content=\"4-Sterne-Hotel Riva del Garda mit Pool | Hotel Europa SkyPool &amp; Panorama\" \/>\n<meta property=\"og:description\" content=\"Das 4-Sterne-Hotel \u201ePortici\u201c liegt an der Piazza III Novembre, im Stadtzentrum von Riva del Garda, ganz in Seen\u00e4he.\" \/>\n<meta property=\"og:url\" content=\"https:\/\/www.hoteleuropariva.it\/de\/hotel\/\" \/>\n<meta property=\"og:site_name\" content=\"Hotel Europa\" \/>\n<meta property=\"article:modified_time\" content=\"2026-02-17T15:57:26+00:00\" \/>\n<meta property=\"og:image\" content=\"https:\/\/www.hoteleuropariva.it\/wp-content\/uploads\/2023\/04\/ingresso.jpg\" \/>\n\t<meta property=\"og:image:width\" content=\"800\" \/>\n\t<meta property=\"og:image:height\" content=\"600\" \/>\n\t<meta property=\"og:image:type\" content=\"image\/jpeg\" \/>\n<meta name=\"twitter:card\" content=\"summary_large_image\" \/>\n<meta name=\"twitter:label1\" content=\"Gesch\u00e4tzte Lesezeit\" \/>\n\t<meta name=\"twitter:data1\" content=\"2\u00a0Minuten\" \/>\n<script type=\"application\/ld+json\" class=\"yoast-schema-graph\">{\"@context\":\"https:\\\/\\\/schema.org\",\"@graph\":[{\"@type\":\"WebPage\",\"@id\":\"https:\\\/\\\/www.hoteleuropariva.it\\\/de\\\/hotel\\\/\",\"url\":\"https:\\\/\\\/www.hoteleuropariva.it\\\/de\\\/hotel\\\/\",\"name\":\"4-Sterne-Hotel Riva del Garda mit Pool | Hotel Europa SkyPool & Panorama\",\"isPartOf\":{\"@id\":\"https:\\\/\\\/www.hoteleuropariva.it\\\/de\\\/#website\"},\"primaryImageOfPage\":{\"@id\":\"https:\\\/\\\/www.hoteleuropariva.it\\\/de\\\/hotel\\\/#primaryimage\"},\"image\":{\"@id\":\"https:\\\/\\\/www.hoteleuropariva.it\\\/de\\\/hotel\\\/#primaryimage\"},\"thumbnailUrl\":\"https:\\\/\\\/www.hoteleuropariva.it\\\/wp-content\\\/uploads\\\/2023\\\/04\\\/ingresso.jpg\",\"datePublished\":\"2020-08-05T14:25:06+00:00\",\"dateModified\":\"2026-02-17T15:57:26+00:00\",\"description\":\"Das 4-Sterne-Hotel \u201ePortici\u201c liegt an der Piazza III Novembre, im Stadtzentrum von Riva del Garda, ganz in Seen\u00e4he.\",\"inLanguage\":\"de\",\"potentialAction\":[{\"@type\":\"ReadAction\",\"target\":[\"https:\\\/\\\/www.hoteleuropariva.it\\\/de\\\/hotel\\\/\"]}]},{\"@type\":\"ImageObject\",\"inLanguage\":\"de\",\"@id\":\"https:\\\/\\\/www.hoteleuropariva.it\\\/de\\\/hotel\\\/#primaryimage\",\"url\":\"https:\\\/\\\/www.hoteleuropariva.it\\\/wp-content\\\/uploads\\\/2023\\\/04\\\/ingresso.jpg\",\"contentUrl\":\"https:\\\/\\\/www.hoteleuropariva.it\\\/wp-content\\\/uploads\\\/2023\\\/04\\\/ingresso.jpg\",\"width\":800,\"height\":600},{\"@type\":\"WebSite\",\"@id\":\"https:\\\/\\\/www.hoteleuropariva.it\\\/de\\\/#website\",\"url\":\"https:\\\/\\\/www.hoteleuropariva.it\\\/de\\\/\",\"name\":\"Hotel Europa\",\"description\":\"SkyPool &amp; Panorama | Riva del Garda\",\"publisher\":{\"@id\":\"https:\\\/\\\/www.hoteleuropariva.it\\\/de\\\/#organization\"},\"potentialAction\":[{\"@type\":\"SearchAction\",\"target\":{\"@type\":\"EntryPoint\",\"urlTemplate\":\"https:\\\/\\\/www.hoteleuropariva.it\\\/de\\\/?s={search_term_string}\"},\"query-input\":{\"@type\":\"PropertyValueSpecification\",\"valueRequired\":true,\"valueName\":\"search_term_string\"}}],\"inLanguage\":\"de\"},{\"@type\":\"Organization\",\"@id\":\"https:\\\/\\\/www.hoteleuropariva.it\\\/de\\\/#organization\",\"name\":\"Hotel Europa\",\"url\":\"https:\\\/\\\/www.hoteleuropariva.it\\\/de\\\/\",\"logo\":{\"@type\":\"ImageObject\",\"inLanguage\":\"de\",\"@id\":\"https:\\\/\\\/www.hoteleuropariva.it\\\/de\\\/#\\\/schema\\\/logo\\\/image\\\/\",\"url\":\"https:\\\/\\\/www.hoteleuropariva.it\\\/wp-content\\\/uploads\\\/2024\\\/02\\\/cropped-cropped-hotel-europa-logo-negativo.png\",\"contentUrl\":\"https:\\\/\\\/www.hoteleuropariva.it\\\/wp-content\\\/uploads\\\/2024\\\/02\\\/cropped-cropped-hotel-europa-logo-negativo.png\",\"width\":700,\"height\":143,\"caption\":\"Hotel Europa\"},\"image\":{\"@id\":\"https:\\\/\\\/www.hoteleuropariva.it\\\/de\\\/#\\\/schema\\\/logo\\\/image\\\/\"}}]}<\/script>\n<!-- \/ Yoast SEO plugin. -->","yoast_head_json":{"title":"4-Sterne-Hotel Riva del Garda mit Pool | Hotel Europa SkyPool & Panorama","description":"Das 4-Sterne-Hotel \u201ePortici\u201c liegt an der Piazza III Novembre, im Stadtzentrum von Riva del Garda, ganz in Seen\u00e4he.","robots":{"index":"index","follow":"follow","max-snippet":"max-snippet:-1","max-image-preview":"max-image-preview:large","max-video-preview":"max-video-preview:-1"},"canonical":"https:\/\/www.hoteleuropariva.it\/de\/hotel\/","og_locale":"de_DE","og_type":"article","og_title":"4-Sterne-Hotel Riva del Garda mit Pool | Hotel Europa SkyPool & Panorama","og_description":"Das 4-Sterne-Hotel \u201ePortici\u201c liegt an der Piazza III Novembre, im Stadtzentrum von Riva del Garda, ganz in Seen\u00e4he.","og_url":"https:\/\/www.hoteleuropariva.it\/de\/hotel\/","og_site_name":"Hotel Europa","article_modified_time":"2026-02-17T15:57:26+00:00","og_image":[{"width":800,"height":600,"url":"https:\/\/www.hoteleuropariva.it\/wp-content\/uploads\/2023\/04\/ingresso.jpg","type":"image\/jpeg"}],"twitter_card":"summary_large_image","twitter_misc":{"Gesch\u00e4tzte Lesezeit":"2\u00a0Minuten"},"schema":{"@context":"https:\/\/schema.org","@graph":[{"@type":"WebPage","@id":"https:\/\/www.hoteleuropariva.it\/de\/hotel\/","url":"https:\/\/www.hoteleuropariva.it\/de\/hotel\/","name":"4-Sterne-Hotel Riva del Garda mit Pool | Hotel Europa SkyPool & Panorama","isPartOf":{"@id":"https:\/\/www.hoteleuropariva.it\/de\/#website"},"primaryImageOfPage":{"@id":"https:\/\/www.hoteleuropariva.it\/de\/hotel\/#primaryimage"},"image":{"@id":"https:\/\/www.hoteleuropariva.it\/de\/hotel\/#primaryimage"},"thumbnailUrl":"https:\/\/www.hoteleuropariva.it\/wp-content\/uploads\/2023\/04\/ingresso.jpg","datePublished":"2020-08-05T14:25:06+00:00","dateModified":"2026-02-17T15:57:26+00:00","description":"Das 4-Sterne-Hotel \u201ePortici\u201c liegt an der Piazza III Novembre, im Stadtzentrum von Riva del Garda, ganz in Seen\u00e4he.","inLanguage":"de","potentialAction":[{"@type":"ReadAction","target":["https:\/\/www.hoteleuropariva.it\/de\/hotel\/"]}]},{"@type":"ImageObject","inLanguage":"de","@id":"https:\/\/www.hoteleuropariva.it\/de\/hotel\/#primaryimage","url":"https:\/\/www.hoteleuropariva.it\/wp-content\/uploads\/2023\/04\/ingresso.jpg","contentUrl":"https:\/\/www.hoteleuropariva.it\/wp-content\/uploads\/2023\/04\/ingresso.jpg","width":800,"height":600},{"@type":"WebSite","@id":"https:\/\/www.hoteleuropariva.it\/de\/#website","url":"https:\/\/www.hoteleuropariva.it\/de\/","name":"Hotel Europa","description":"SkyPool &amp; Panorama | Riva del Garda","publisher":{"@id":"https:\/\/www.hoteleuropariva.it\/de\/#organization"},"potentialAction":[{"@type":"SearchAction","target":{"@type":"EntryPoint","urlTemplate":"https:\/\/www.hoteleuropariva.it\/de\/?s={search_term_string}"},"query-input":{"@type":"PropertyValueSpecification","valueRequired":true,"valueName":"search_term_string"}}],"inLanguage":"de"},{"@type":"Organization","@id":"https:\/\/www.hoteleuropariva.it\/de\/#organization","name":"Hotel Europa","url":"https:\/\/www.hoteleuropariva.it\/de\/","logo":{"@type":"ImageObject","inLanguage":"de","@id":"https:\/\/www.hoteleuropariva.it\/de\/#\/schema\/logo\/image\/","url":"https:\/\/www.hoteleuropariva.it\/wp-content\/uploads\/2024\/02\/cropped-cropped-hotel-europa-logo-negativo.png","contentUrl":"https:\/\/www.hoteleuropariva.it\/wp-content\/uploads\/2024\/02\/cropped-cropped-hotel-europa-logo-negativo.png","width":700,"height":143,"caption":"Hotel Europa"},"image":{"@id":"https:\/\/www.hoteleuropariva.it\/de\/#\/schema\/logo\/image\/"}}]}},"coauthors":[],"author_meta":{"author_link":"https:\/\/www.hoteleuropariva.it\/de\/author\/hotel-europa\/","display_name":"Promoservice"},"relative_dates":{"created":"Posted 6\u00a0Jahren ago","modified":"Updated 2\u00a0Monaten ago"},"absolute_dates":{"created":"Posted on 5. August 2020","modified":"Updated on 17. Februar 2026"},"absolute_dates_time":{"created":"Posted on 5. August 2020 16:25","modified":"Updated on 17. Februar 2026 16:57"},"featured_img_caption":"","featured_img":"https:\/\/www.hoteleuropariva.it\/wp-content\/uploads\/2023\/04\/ingresso.jpg","series_order":"","_links":{"self":[{"href":"https:\/\/www.hoteleuropariva.it\/de\/wp-json\/wp\/v2\/pages\/1718","targetHints":{"allow":["GET"]}}],"collection":[{"href":"https:\/\/www.hoteleuropariva.it\/de\/wp-json\/wp\/v2\/pages"}],"about":[{"href":"https:\/\/www.hoteleuropariva.it\/de\/wp-json\/wp\/v2\/types\/page"}],"author":[{"embeddable":true,"href":"https:\/\/www.hoteleuropariva.it\/de\/wp-json\/wp\/v2\/users\/2"}],"replies":[{"embeddable":true,"href":"https:\/\/www.hoteleuropariva.it\/de\/wp-json\/wp\/v2\/comments?post=1718"}],"version-history":[{"count":4,"href":"https:\/\/www.hoteleuropariva.it\/de\/wp-json\/wp\/v2\/pages\/1718\/revisions"}],"predecessor-version":[{"id":10434,"href":"https:\/\/www.hoteleuropariva.it\/de\/wp-json\/wp\/v2\/pages\/1718\/revisions\/10434"}],"wp:featuredmedia":[{"embeddable":true,"href":"https:\/\/www.hoteleuropariva.it\/de\/wp-json\/wp\/v2\/media\/6209"}],"wp:attachment":[{"href":"https:\/\/www.hoteleuropariva.it\/de\/wp-json\/wp\/v2\/media?parent=1718"}],"curies":[{"name":"wp","href":"https:\/\/api.w.org\/{rel}","templated":true}]}}