{"id":2877,"date":"2020-09-03T13:55:13","date_gmt":"2020-09-03T11:55:13","guid":{"rendered":"https:\/\/www.hoteleuropariva.it\/?post_type=offers&#038;p=2877"},"modified":"2024-07-19T17:27:04","modified_gmt":"2024-07-19T15:27:04","slug":"day-spa-day-use","status":"publish","type":"offers","link":"https:\/\/www.hoteleuropariva.it\/de\/angebote\/day-spa-day-use\/","title":{"rendered":"Der Gardasee mit dem Motorrad"},"content":{"rendered":"<div  class=\"grids-section grids-is-advanced\" style=\"--_gs-gap-desktop:0px 0px;--_gs-m-desktop:0 0 0 0;--_gs-p-desktop:0 0 0 0;--_gs-bg-desktop:transparent none;--_gs-bg-xp-desktop:0px;--_gs-zi-desktop:auto;--_gs-d-desktop:block;--_gs-mw-desktop:calc(100% - 0 - 0);--_gs-gap-tablet:0px 0px;--_gs-m-tablet:0 0 0 0;--_gs-p-tablet:0 0 0 0;--_gs-bg-tablet:transparent none;--_gs-bg-xp-tablet:0px;--_gs-zi-tablet:auto;--_gs-d-tablet:block;--_gs-mw-tablet:calc(100% - 0 - 0);--_gs-gap-mobile:0px 0px;--_gs-m-mobile:0 0 0 0;--_gs-p-mobile:0 0 0 0;--_gs-bg-mobile:transparent none;--_gs-bg-xp-mobile:0px;--_gs-zi-mobile:auto;--_gs-d-mobile:block;--_gs-mw-mobile:calc(100% - 0 - 0);--_gs-columns:12;--_gs-rows:6\"><div class=\"grids-s-w_i\">\n<div class=\"grids-area\" style=\"--_ga-column:1\/7;--_ga-row:1\/2;--_ga-va:center;--_ga-m-desktop:0 0 0 0;--_ga-p-desktop:0 0 0 0;--_ga-bg-desktop:transparent none;--_ga-zi-desktop:auto;--_ga-d-desktop:flex;--_ga-mw-desktop:calc(100% - 0 - 0);--_ga-m-tablet:0 0 0 0;--_ga-p-tablet:0 0 0 0;--_ga-bg-tablet:transparent none;--_ga-zi-tablet:auto;--_ga-d-tablet:flex;--_ga-mw-tablet:calc(100% - 0 - 0);--_ga-m-mobile:0 0 0 0;--_ga-p-mobile:0 0 0 0;--_ga-bg-mobile:transparent none;--_ga-zi-mobile:auto;--_ga-d-mobile:flex;--_ga-mw-mobile:calc(100% - 0 - 0)\">\n\n<p style=\"font-size:21px\">Entdecken Sie die Freiheit, den Gardasee mit dem Motorrad zu erkunden, mit unserem Angebot f\u00fcr Motorradfahrer im Trentino. Mit diesem Sonderpreis genie\u00dfen Sie atemberaubende Ausblicke, kurvenreiche Stra\u00dfen und malerische Routen, die nur ein Motorrad bieten kann<\/p>\n\n\n\n<p class=\"has-text-color\" style=\"color:#27ae60;font-size:24px\">S<strong>onderpreis nur f\u00fcr mitglieder des clubs \u201etrentino in moto\u201c<\/strong><\/p>\n\n<\/div>\n\n<div class=\"grids-area\" style=\"--_ga-column:7\/13;--_ga-row:1\/2;--_ga-va:center;--_ga-m-desktop:0 0 0 0;--_ga-p-desktop:0 0 0 0;--_ga-bg-desktop:transparent none;--_ga-zi-desktop:auto;--_ga-d-desktop:flex;--_ga-mw-desktop:calc(100% - 0 - 0);--_ga-m-tablet:0 0 0 0;--_ga-p-tablet:0 0 0 0;--_ga-bg-tablet:transparent none;--_ga-zi-tablet:auto;--_ga-d-tablet:flex;--_ga-mw-tablet:calc(100% - 0 - 0);--_ga-m-mobile:0 0 0 0;--_ga-p-mobile:0 0 0 0;--_ga-bg-mobile:transparent none;--_ga-zi-mobile:auto;--_ga-d-mobile:flex;--_ga-mw-mobile:calc(100% - 0 - 0)\">\n\n<figure class=\"wp-block-image size-large\"><img loading=\"lazy\" decoding=\"async\" width=\"1024\" height=\"576\" src=\"https:\/\/www.hoteleuropariva.it\/wp-content\/uploads\/2023\/03\/mototurismo12-1024x576.jpg\" alt=\"\" class=\"wp-image-5647\" srcset=\"https:\/\/www.hoteleuropariva.it\/wp-content\/uploads\/2023\/03\/mototurismo12-1024x576.jpg 1024w, https:\/\/www.hoteleuropariva.it\/wp-content\/uploads\/2023\/03\/mototurismo12-300x169.jpg 300w, https:\/\/www.hoteleuropariva.it\/wp-content\/uploads\/2023\/03\/mototurismo12-768x432.jpg 768w, https:\/\/www.hoteleuropariva.it\/wp-content\/uploads\/2023\/03\/mototurismo12-1200x675.jpg 1200w, https:\/\/www.hoteleuropariva.it\/wp-content\/uploads\/2023\/03\/mototurismo12.jpg 1280w\" sizes=\"auto, (max-width: 1024px) 100vw, 1024px\" \/><\/figure>\n\n<\/div>\n\n<div class=\"grids-area gray\" style=\"--_ga-column:1\/13;--_ga-row:4\/7;--_ga-m-desktop:0 0 0 0;--_ga-p-desktop:0 0 0 0;--_ga-bg-desktop:#ebeff2 none;--_ga-zi-desktop:auto;--_ga-d-desktop:flex;--_ga-mw-desktop:calc(100% - 0 - 0);--_ga-m-tablet:0 0 0 0;--_ga-p-tablet:0 0 0 0;--_ga-bg-tablet:#ebeff2 none;--_ga-zi-tablet:auto;--_ga-d-tablet:flex;--_ga-mw-tablet:calc(100% - 0 - 0);--_ga-m-mobile:0 0 0 0;--_ga-p-mobile:0 0 0 0;--_ga-bg-mobile:#ebeff2 none;--_ga-zi-mobile:auto;--_ga-d-mobile:flex;--_ga-mw-mobile:calc(100% - 0 - 0)\">\n\n<h2 class=\"wp-block-heading\">Das Angebot umfasst:<\/h2>\n\n\n\n<ul class=\"wp-block-list\">\n<li><b>Privatgarage<\/b><span style=\"font-weight: 400;\">: 100&nbsp;m entfernt, online buchbar zum erm\u00e4\u00dfigten Preis von 10&nbsp;\u20ac\/Tag<\/span><\/li>\n\n\n\n<li><b>Kostenloser privater Motorradparkplatz beim Hotel<\/b><\/li>\n\n\n\n<li>10 % Rabatt im Restaurant Portici in 50 m Entfernung (ung\u00fcltig vom 15.06 bis 15.09)<\/li>\n\n\n\n<li>Reichhaltiges Fr\u00fchst\u00fccksbuffet<\/li>\n\n\n\n<li>Kostenloses WLAN in den gemeinschaftlich genutzten Bereichen und in allen Zimmern<\/li>\n\n\n\n<li>Satelliten-TV in allen Zimmern<\/li>\n\n\n\n<li>Panoramaterrasse\/Solarium im 3. Stock mit Liegest\u00fchlen<\/li>\n\n\n\n<li>Zutritt zum kleinen Sky Pool mit Panoramablick und zum Dampfbad<\/li>\n\n\n\n<li>Motorrad-Stra\u00dfenkarten f\u00fcr die Umgebung an der Rezeption erh\u00e4ltlich<\/li>\n\n\n\n<li>Fahrradverleih (je nach Verf\u00fcgbarkeit)<\/li>\n<\/ul>\n\n\n\n<p class=\"has-large-font-size\"><strong><strong>Bitte geben Sie f\u00fcr den Rabatt diesen Code in das Online-Buchungsfeld ein: GARDAMOTO21<\/strong><\/strong><\/p>\n\n<\/div>\n<\/div><\/div>","protected":false},"excerpt":{"rendered":"<p><span class=\"orange\">Saison 2024<\/span><br \/>\n\u2022 Exklusiver Rabatt<br \/>\n\u2022 Reservierter Parkplatz<\/p>\n<h4 style=\"margin:0;\">Rabatt-Code<\/h4>\n","protected":false},"author":2,"featured_media":6058,"template":"","meta":{"_acf_changed":false,"advgb_blocks_editor_width":"","advgb_blocks_columns_visual_guide":"","footnotes":""},"class_list":["post-2877","offers","type-offers","status-publish","has-post-thumbnail","hentry"],"acf":[],"yoast_head":"<!-- This site is optimized with the Yoast SEO plugin v27.4 - https:\/\/yoast.com\/product\/yoast-seo-wordpress\/ -->\n<title>Der Gardasee mit dem Motorrad - Hotel Europa<\/title>\n<meta name=\"description\" content=\"Nutzen Sie unsere Sonderangebote f\u00fcr Motorradfahrer! Das Hotel Europa ist der ideale Ausgangspunkt f\u00fcr wundersch\u00f6ne Touren rund um den Gardasee.\" \/>\n<meta name=\"robots\" content=\"index, follow, max-snippet:-1, max-image-preview:large, max-video-preview:-1\" \/>\n<link rel=\"canonical\" href=\"https:\/\/www.hoteleuropariva.it\/de\/angebote\/day-spa-day-use\/\" \/>\n<meta property=\"og:locale\" content=\"de_DE\" \/>\n<meta property=\"og:type\" content=\"article\" \/>\n<meta property=\"og:title\" content=\"Der Gardasee mit dem Motorrad - Hotel Europa\" \/>\n<meta property=\"og:description\" content=\"Nutzen Sie unsere Sonderangebote f\u00fcr Motorradfahrer! Das Hotel Europa ist der ideale Ausgangspunkt f\u00fcr wundersch\u00f6ne Touren rund um den Gardasee.\" \/>\n<meta property=\"og:url\" content=\"https:\/\/www.hoteleuropariva.it\/de\/angebote\/day-spa-day-use\/\" \/>\n<meta property=\"og:site_name\" content=\"Hotel Europa\" \/>\n<meta property=\"article:modified_time\" content=\"2024-07-19T15:27:04+00:00\" \/>\n<meta property=\"og:image\" content=\"https:\/\/www.hoteleuropariva.it\/wp-content\/uploads\/2020\/09\/moto.jpg\" \/>\n\t<meta property=\"og:image:width\" content=\"2000\" \/>\n\t<meta property=\"og:image:height\" content=\"1333\" \/>\n\t<meta property=\"og:image:type\" content=\"image\/jpeg\" \/>\n<meta name=\"twitter:card\" content=\"summary_large_image\" \/>\n<meta name=\"twitter:label1\" content=\"Gesch\u00e4tzte Lesezeit\" \/>\n\t<meta name=\"twitter:data1\" content=\"2\u00a0Minuten\" \/>\n<script type=\"application\/ld+json\" class=\"yoast-schema-graph\">{\"@context\":\"https:\\\/\\\/schema.org\",\"@graph\":[{\"@type\":\"WebPage\",\"@id\":\"https:\\\/\\\/www.hoteleuropariva.it\\\/de\\\/angebote\\\/day-spa-day-use\\\/\",\"url\":\"https:\\\/\\\/www.hoteleuropariva.it\\\/de\\\/angebote\\\/day-spa-day-use\\\/\",\"name\":\"Der Gardasee mit dem Motorrad - Hotel Europa\",\"isPartOf\":{\"@id\":\"https:\\\/\\\/www.hoteleuropariva.it\\\/de\\\/#website\"},\"primaryImageOfPage\":{\"@id\":\"https:\\\/\\\/www.hoteleuropariva.it\\\/de\\\/angebote\\\/day-spa-day-use\\\/#primaryimage\"},\"image\":{\"@id\":\"https:\\\/\\\/www.hoteleuropariva.it\\\/de\\\/angebote\\\/day-spa-day-use\\\/#primaryimage\"},\"thumbnailUrl\":\"https:\\\/\\\/www.hoteleuropariva.it\\\/wp-content\\\/uploads\\\/2020\\\/09\\\/moto.jpg\",\"datePublished\":\"2020-09-03T11:55:13+00:00\",\"dateModified\":\"2024-07-19T15:27:04+00:00\",\"description\":\"Nutzen Sie unsere Sonderangebote f\u00fcr Motorradfahrer! Das Hotel Europa ist der ideale Ausgangspunkt f\u00fcr wundersch\u00f6ne Touren rund um den Gardasee.\",\"breadcrumb\":{\"@id\":\"https:\\\/\\\/www.hoteleuropariva.it\\\/de\\\/angebote\\\/day-spa-day-use\\\/#breadcrumb\"},\"inLanguage\":\"de\",\"potentialAction\":[{\"@type\":\"ReadAction\",\"target\":[\"https:\\\/\\\/www.hoteleuropariva.it\\\/de\\\/angebote\\\/day-spa-day-use\\\/\"]}]},{\"@type\":\"ImageObject\",\"inLanguage\":\"de\",\"@id\":\"https:\\\/\\\/www.hoteleuropariva.it\\\/de\\\/angebote\\\/day-spa-day-use\\\/#primaryimage\",\"url\":\"https:\\\/\\\/www.hoteleuropariva.it\\\/wp-content\\\/uploads\\\/2020\\\/09\\\/moto.jpg\",\"contentUrl\":\"https:\\\/\\\/www.hoteleuropariva.it\\\/wp-content\\\/uploads\\\/2020\\\/09\\\/moto.jpg\",\"width\":2000,\"height\":1333},{\"@type\":\"BreadcrumbList\",\"@id\":\"https:\\\/\\\/www.hoteleuropariva.it\\\/de\\\/angebote\\\/day-spa-day-use\\\/#breadcrumb\",\"itemListElement\":[{\"@type\":\"ListItem\",\"position\":1,\"name\":\"Angebote\",\"item\":\"https:\\\/\\\/www.hoteleuropariva.it\\\/de\\\/angebote\\\/\"},{\"@type\":\"ListItem\",\"position\":2,\"name\":\"Der Gardasee mit dem Motorrad\"}]},{\"@type\":\"WebSite\",\"@id\":\"https:\\\/\\\/www.hoteleuropariva.it\\\/de\\\/#website\",\"url\":\"https:\\\/\\\/www.hoteleuropariva.it\\\/de\\\/\",\"name\":\"Hotel Europa\",\"description\":\"SkyPool &amp; Panorama | Riva del Garda\",\"publisher\":{\"@id\":\"https:\\\/\\\/www.hoteleuropariva.it\\\/de\\\/#organization\"},\"potentialAction\":[{\"@type\":\"SearchAction\",\"target\":{\"@type\":\"EntryPoint\",\"urlTemplate\":\"https:\\\/\\\/www.hoteleuropariva.it\\\/de\\\/?s={search_term_string}\"},\"query-input\":{\"@type\":\"PropertyValueSpecification\",\"valueRequired\":true,\"valueName\":\"search_term_string\"}}],\"inLanguage\":\"de\"},{\"@type\":\"Organization\",\"@id\":\"https:\\\/\\\/www.hoteleuropariva.it\\\/de\\\/#organization\",\"name\":\"Hotel Europa\",\"url\":\"https:\\\/\\\/www.hoteleuropariva.it\\\/de\\\/\",\"logo\":{\"@type\":\"ImageObject\",\"inLanguage\":\"de\",\"@id\":\"https:\\\/\\\/www.hoteleuropariva.it\\\/de\\\/#\\\/schema\\\/logo\\\/image\\\/\",\"url\":\"https:\\\/\\\/www.hoteleuropariva.it\\\/wp-content\\\/uploads\\\/2024\\\/02\\\/cropped-cropped-hotel-europa-logo-negativo.png\",\"contentUrl\":\"https:\\\/\\\/www.hoteleuropariva.it\\\/wp-content\\\/uploads\\\/2024\\\/02\\\/cropped-cropped-hotel-europa-logo-negativo.png\",\"width\":700,\"height\":143,\"caption\":\"Hotel Europa\"},\"image\":{\"@id\":\"https:\\\/\\\/www.hoteleuropariva.it\\\/de\\\/#\\\/schema\\\/logo\\\/image\\\/\"}}]}<\/script>\n<!-- \/ Yoast SEO plugin. -->","yoast_head_json":{"title":"Der Gardasee mit dem Motorrad - Hotel Europa","description":"Nutzen Sie unsere Sonderangebote f\u00fcr Motorradfahrer! Das Hotel Europa ist der ideale Ausgangspunkt f\u00fcr wundersch\u00f6ne Touren rund um den Gardasee.","robots":{"index":"index","follow":"follow","max-snippet":"max-snippet:-1","max-image-preview":"max-image-preview:large","max-video-preview":"max-video-preview:-1"},"canonical":"https:\/\/www.hoteleuropariva.it\/de\/angebote\/day-spa-day-use\/","og_locale":"de_DE","og_type":"article","og_title":"Der Gardasee mit dem Motorrad - Hotel Europa","og_description":"Nutzen Sie unsere Sonderangebote f\u00fcr Motorradfahrer! Das Hotel Europa ist der ideale Ausgangspunkt f\u00fcr wundersch\u00f6ne Touren rund um den Gardasee.","og_url":"https:\/\/www.hoteleuropariva.it\/de\/angebote\/day-spa-day-use\/","og_site_name":"Hotel Europa","article_modified_time":"2024-07-19T15:27:04+00:00","og_image":[{"width":2000,"height":1333,"url":"https:\/\/www.hoteleuropariva.it\/wp-content\/uploads\/2020\/09\/moto.jpg","type":"image\/jpeg"}],"twitter_card":"summary_large_image","twitter_misc":{"Gesch\u00e4tzte Lesezeit":"2\u00a0Minuten"},"schema":{"@context":"https:\/\/schema.org","@graph":[{"@type":"WebPage","@id":"https:\/\/www.hoteleuropariva.it\/de\/angebote\/day-spa-day-use\/","url":"https:\/\/www.hoteleuropariva.it\/de\/angebote\/day-spa-day-use\/","name":"Der Gardasee mit dem Motorrad - Hotel Europa","isPartOf":{"@id":"https:\/\/www.hoteleuropariva.it\/de\/#website"},"primaryImageOfPage":{"@id":"https:\/\/www.hoteleuropariva.it\/de\/angebote\/day-spa-day-use\/#primaryimage"},"image":{"@id":"https:\/\/www.hoteleuropariva.it\/de\/angebote\/day-spa-day-use\/#primaryimage"},"thumbnailUrl":"https:\/\/www.hoteleuropariva.it\/wp-content\/uploads\/2020\/09\/moto.jpg","datePublished":"2020-09-03T11:55:13+00:00","dateModified":"2024-07-19T15:27:04+00:00","description":"Nutzen Sie unsere Sonderangebote f\u00fcr Motorradfahrer! Das Hotel Europa ist der ideale Ausgangspunkt f\u00fcr wundersch\u00f6ne Touren rund um den Gardasee.","breadcrumb":{"@id":"https:\/\/www.hoteleuropariva.it\/de\/angebote\/day-spa-day-use\/#breadcrumb"},"inLanguage":"de","potentialAction":[{"@type":"ReadAction","target":["https:\/\/www.hoteleuropariva.it\/de\/angebote\/day-spa-day-use\/"]}]},{"@type":"ImageObject","inLanguage":"de","@id":"https:\/\/www.hoteleuropariva.it\/de\/angebote\/day-spa-day-use\/#primaryimage","url":"https:\/\/www.hoteleuropariva.it\/wp-content\/uploads\/2020\/09\/moto.jpg","contentUrl":"https:\/\/www.hoteleuropariva.it\/wp-content\/uploads\/2020\/09\/moto.jpg","width":2000,"height":1333},{"@type":"BreadcrumbList","@id":"https:\/\/www.hoteleuropariva.it\/de\/angebote\/day-spa-day-use\/#breadcrumb","itemListElement":[{"@type":"ListItem","position":1,"name":"Angebote","item":"https:\/\/www.hoteleuropariva.it\/de\/angebote\/"},{"@type":"ListItem","position":2,"name":"Der Gardasee mit dem Motorrad"}]},{"@type":"WebSite","@id":"https:\/\/www.hoteleuropariva.it\/de\/#website","url":"https:\/\/www.hoteleuropariva.it\/de\/","name":"Hotel Europa","description":"SkyPool &amp; Panorama | Riva del Garda","publisher":{"@id":"https:\/\/www.hoteleuropariva.it\/de\/#organization"},"potentialAction":[{"@type":"SearchAction","target":{"@type":"EntryPoint","urlTemplate":"https:\/\/www.hoteleuropariva.it\/de\/?s={search_term_string}"},"query-input":{"@type":"PropertyValueSpecification","valueRequired":true,"valueName":"search_term_string"}}],"inLanguage":"de"},{"@type":"Organization","@id":"https:\/\/www.hoteleuropariva.it\/de\/#organization","name":"Hotel Europa","url":"https:\/\/www.hoteleuropariva.it\/de\/","logo":{"@type":"ImageObject","inLanguage":"de","@id":"https:\/\/www.hoteleuropariva.it\/de\/#\/schema\/logo\/image\/","url":"https:\/\/www.hoteleuropariva.it\/wp-content\/uploads\/2024\/02\/cropped-cropped-hotel-europa-logo-negativo.png","contentUrl":"https:\/\/www.hoteleuropariva.it\/wp-content\/uploads\/2024\/02\/cropped-cropped-hotel-europa-logo-negativo.png","width":700,"height":143,"caption":"Hotel Europa"},"image":{"@id":"https:\/\/www.hoteleuropariva.it\/de\/#\/schema\/logo\/image\/"}}]}},"featured_img":"https:\/\/www.hoteleuropariva.it\/wp-content\/uploads\/2020\/09\/moto-1200x800.jpg","coauthors":[],"author_meta":{"author_link":"https:\/\/www.hoteleuropariva.it\/de\/author\/hotel-europa\/","display_name":"Promoservice"},"relative_dates":{"created":"Posted 6\u00a0Jahren ago","modified":"Updated 2\u00a0Jahren ago"},"absolute_dates":{"created":"Posted on 3. September 2020","modified":"Updated on 19. Juli 2024"},"absolute_dates_time":{"created":"Posted on 3. September 2020 13:55","modified":"Updated on 19. Juli 2024 17:27"},"featured_img_caption":"","tax_additional":{"translation_priority":{"linked":["<a href=\"https:\/\/www.hoteleuropariva.it\/de\/?taxonomy=translation_priority&#038;term=optional-de\" class=\"advgb-post-tax-term\">Optional<\/a>","<a href=\"https:\/\/www.hoteleuropariva.it\/de\/?taxonomy=translation_priority&#038;term=opzionale-de\" class=\"advgb-post-tax-term\">Opzionale<\/a>"],"unlinked":["<span class=\"advgb-post-tax-term\">Optional<\/span>","<span class=\"advgb-post-tax-term\">Opzionale<\/span>"],"slug":"translation_priority","name":"\u00dcbersetzungspriorit\u00e4ten"}},"series_order":"","_links":{"self":[{"href":"https:\/\/www.hoteleuropariva.it\/de\/wp-json\/wp\/v2\/offers\/2877","targetHints":{"allow":["GET"]}}],"collection":[{"href":"https:\/\/www.hoteleuropariva.it\/de\/wp-json\/wp\/v2\/offers"}],"about":[{"href":"https:\/\/www.hoteleuropariva.it\/de\/wp-json\/wp\/v2\/types\/offers"}],"author":[{"embeddable":true,"href":"https:\/\/www.hoteleuropariva.it\/de\/wp-json\/wp\/v2\/users\/2"}],"version-history":[{"count":9,"href":"https:\/\/www.hoteleuropariva.it\/de\/wp-json\/wp\/v2\/offers\/2877\/revisions"}],"predecessor-version":[{"id":8697,"href":"https:\/\/www.hoteleuropariva.it\/de\/wp-json\/wp\/v2\/offers\/2877\/revisions\/8697"}],"wp:featuredmedia":[{"embeddable":true,"href":"https:\/\/www.hoteleuropariva.it\/de\/wp-json\/wp\/v2\/media\/6058"}],"wp:attachment":[{"href":"https:\/\/www.hoteleuropariva.it\/de\/wp-json\/wp\/v2\/media?parent=2877"}],"curies":[{"name":"wp","href":"https:\/\/api.w.org\/{rel}","templated":true}]}}